{"id":162,"date":"2020-08-30T13:59:25","date_gmt":"2020-08-30T13:59:25","guid":{"rendered":"https:\/\/asseln-evangelisch.de\/?page_id=162"},"modified":"2026-01-06T18:25:36","modified_gmt":"2026-01-06T17:25:36","slug":"angebot-fuer-frauen","status":"publish","type":"page","link":"https:\/\/asseln-evangelisch.de\/index.php\/angebot-fuer-frauen\/","title":{"rendered":"F\u00fcr Frauen"},"content":{"rendered":"<div class=\"fusion-fullwidth fullwidth-box fusion-builder-row-1 fusion-flex-container nonhundred-percent-fullwidth non-hundred-percent-height-scrolling\" style=\"--awb-border-radius-top-left:0px;--awb-border-radius-top-right:0px;--awb-border-radius-bottom-right:0px;--awb-border-radius-bottom-left:0px;--awb-flex-wrap:wrap;\" ><div class=\"fusion-builder-row fusion-row fusion-flex-align-items-flex-start fusion-flex-content-wrap\" style=\"max-width:1248px;margin-left: calc(-4% \/ 2 );margin-right: calc(-4% \/ 2 );\"><div class=\"fusion-layout-column fusion_builder_column fusion-builder-column-0 fusion_builder_column_1_1 1_1 fusion-flex-column\" style=\"--awb-bg-size:cover;--awb-width-large:100%;--awb-margin-top-large:0px;--awb-spacing-right-large:1.92%;--awb-margin-bottom-large:20px;--awb-spacing-left-large:1.92%;--awb-width-medium:100%;--awb-order-medium:0;--awb-spacing-right-medium:1.92%;--awb-spacing-left-medium:1.92%;--awb-width-small:100%;--awb-order-small:0;--awb-spacing-right-small:1.92%;--awb-spacing-left-small:1.92%;\"><div class=\"fusion-column-wrapper fusion-column-has-shadow fusion-flex-justify-content-flex-start fusion-content-layout-column\"><div class=\"fusion-text fusion-text-1\"><h1>Unser Angebot: F\u00fcr Frauen<\/h1>\n<h2>Miteinander lachen, sich helfen und unterst\u00fctzen<\/h2>\n<p>Wir bieten Frauen Angebote f\u00fcr die unterschiedlichen Lebenssituationen. Ob im Ruhestand, Berufst\u00e4tig, Alleinstehend oder neu zugezogen, bei uns erfahren Sie Beachtung, Informationen und soziale N\u00e4he. Alle Gruppen sind offen und freuen sich auf Sie!<\/p>\n<\/div><div class=\"fusion-separator fusion-full-width-sep\" style=\"align-self: center;margin-left: auto;margin-right: auto;margin-top:30px;width:100%;\"><\/div><div class=\"fusion-builder-row fusion-builder-row-inner fusion-row fusion-flex-align-items-flex-start fusion-flex-content-wrap\" style=\"--awb-flex-grow:0;--awb-flex-grow-medium:0;--awb-flex-grow-small:0;--awb-flex-shrink:0;--awb-flex-shrink-medium:0;--awb-flex-shrink-small:0;width:104% !important;max-width:104% !important;margin-left: calc(-4% \/ 2 );margin-right: calc(-4% \/ 2 );\"><div class=\"fusion-layout-column fusion_builder_column_inner fusion-builder-nested-column-0 fusion_builder_column_inner_1_4 1_4 fusion-flex-column\" style=\"--awb-bg-size:cover;--awb-box-shadow:0px 0px 10px 1px #9e9e9e;;--awb-width-large:25%;--awb-margin-top-large:0px;--awb-spacing-right-large:7.68%;--awb-margin-bottom-large:20px;--awb-spacing-left-large:7.68%;--awb-width-medium:25%;--awb-order-medium:0;--awb-spacing-right-medium:7.68%;--awb-spacing-left-medium:7.68%;--awb-width-small:100%;--awb-order-small:0;--awb-spacing-right-small:1.92%;--awb-spacing-left-small:1.92%;\"><div class=\"fusion-column-wrapper fusion-column-has-shadow fusion-flex-justify-content-flex-start fusion-content-layout-column\"><div class=\"fusion-image-element \" style=\"text-align:center;--awb-caption-title-font-family:var(--h2_typography-font-family);--awb-caption-title-font-weight:var(--h2_typography-font-weight);--awb-caption-title-font-style:var(--h2_typography-font-style);--awb-caption-title-size:var(--h2_typography-font-size);--awb-caption-title-transform:var(--h2_typography-text-transform);--awb-caption-title-line-height:var(--h2_typography-line-height);--awb-caption-title-letter-spacing:var(--h2_typography-letter-spacing);\"><span class=\" fusion-imageframe imageframe-none imageframe-1 hover-type-none\"><img decoding=\"async\" width=\"400\" height=\"250\" title=\"Frauenhilfe-2017-400&#215;250\" src=\"https:\/\/asseln-evangelisch.de\/wp-content\/uploads\/2021\/03\/Frauenhilfe-2017-400x250-1.png\" alt class=\"img-responsive wp-image-2761\" srcset=\"https:\/\/asseln-evangelisch.de\/wp-content\/uploads\/2021\/03\/Frauenhilfe-2017-400x250-1-200x125.png 200w, https:\/\/asseln-evangelisch.de\/wp-content\/uploads\/2021\/03\/Frauenhilfe-2017-400x250-1.png 400w\" sizes=\"(max-width: 640px) 100vw, 400px\" \/><\/span><\/div><div class=\"fusion-text fusion-text-2\"><h5 style=\"text-align: center;\">Frauenhilfe<\/h5>\n<\/div><div class=\"accordian fusion-accordian\" style=\"--awb-border-size:0px;--awb-icon-size:16px;--awb-content-font-size:14px;--awb-icon-alignment:left;--awb-hover-color:#f9f9fb;--awb-border-color:#e2e2e2;--awb-background-color:#ffffff;--awb-divider-color:#e0dede;--awb-divider-hover-color:#e0dede;--awb-icon-color:#ffffff;--awb-title-color:#153b7c;--awb-content-color:#333333;--awb-icon-box-color:#8a2428;--awb-toggle-hover-accent-color:#560001;--awb-title-font-family:Arial, Helvetica, sans-serif;--awb-title-font-weight:400;--awb-title-font-style:normal;--awb-content-font-family:Arial, Helvetica, sans-serif;--awb-content-font-style:normal;--awb-content-font-weight:400;\"><div class=\"panel-group fusion-toggle-icon-boxed\" id=\"accordion-162-1\"><div class=\"fusion-panel panel-default panel-68b0f1629a386051b fusion-toggle-no-divider fusion-toggle-boxed-mode\" style=\"--awb-title-color:#153b7c;--awb-content-color:#333333;\"><div class=\"panel-heading\"><h4 class=\"panel-title toggle\" id=\"toggle_68b0f1629a386051b\"><a aria-expanded=\"false\" aria-controls=\"68b0f1629a386051b\" role=\"button\" data-toggle=\"collapse\" data-parent=\"#accordion-162-1\" data-target=\"#68b0f1629a386051b\" href=\"#68b0f1629a386051b\"><span class=\"fusion-toggle-icon-wrapper\" aria-hidden=\"true\"><i class=\"fa-fusion-box active-icon awb-icon-minus\" aria-hidden=\"true\"><\/i><i class=\"fa-fusion-box inactive-icon awb-icon-plus\" aria-hidden=\"true\"><\/i><\/span><span class=\"fusion-toggle-heading\">Informationen<\/span><\/a><\/h4><\/div><div id=\"68b0f1629a386051b\" class=\"panel-collapse collapse \" aria-labelledby=\"toggle_68b0f1629a386051b\"><div class=\"panel-body toggle-content fusion-clearfix\">\n<p>Seit mehr als 100\u00a0Jahren fest in Asseln verankert: Die Ev. Frauenhilfe geh\u00f6rt nach wie vor zu den S\u00e4ulen (nicht nur) unserer Kirchengemeinde.<\/p>\n<p>Gemeinschaft erleben, zusammen aktiv werden, miteinander unterwegs sein, das alles ist Frauenhilfe. In den monatlichen Gruppenstunden gibt es stets interessante Impulse &#8211; durch Vortr\u00e4ge, Pr\u00e4sentationen, Weiterbildungsangebote.<\/p>\n<p>Dass die Frauenhilfe insbesondere Projekte von und f\u00fcr Frauen unterst\u00fctzt (Frauenh\u00e4user, Behindertenheime und -werkst\u00e4tten, M\u00fctterkuren etc.), ist ein guter Teil der solidarischen Frauenhilfstradition.<\/p>\n<\/div><\/div><\/div><div class=\"fusion-panel panel-default panel-9ccff72254386c586 fusion-toggle-no-divider fusion-toggle-boxed-mode\" style=\"--awb-title-color:#153b7c;--awb-content-color:#333333;\"><div class=\"panel-heading\"><h4 class=\"panel-title toggle\" id=\"toggle_9ccff72254386c586\"><a aria-expanded=\"false\" aria-controls=\"9ccff72254386c586\" role=\"button\" data-toggle=\"collapse\" data-parent=\"#accordion-162-1\" data-target=\"#9ccff72254386c586\" href=\"#9ccff72254386c586\"><span class=\"fusion-toggle-icon-wrapper\" aria-hidden=\"true\"><i class=\"fa-fusion-box active-icon awb-icon-minus\" aria-hidden=\"true\"><\/i><i class=\"fa-fusion-box inactive-icon awb-icon-plus\" aria-hidden=\"true\"><\/i><\/span><span class=\"fusion-toggle-heading\">Kontakt<\/span><\/a><\/h4><\/div><div id=\"9ccff72254386c586\" class=\"panel-collapse collapse \" aria-labelledby=\"toggle_9ccff72254386c586\"><div class=\"panel-body toggle-content fusion-clearfix\">\n<p><strong>Marianne Brings<\/strong> (0231-4940135)<\/p>\n<\/div><\/div><\/div><div class=\"fusion-panel panel-default panel-8963bbc093565280d fusion-toggle-no-divider fusion-toggle-boxed-mode\" style=\"--awb-title-color:#153b7c;--awb-content-color:#333333;\"><div class=\"panel-heading\"><h4 class=\"panel-title toggle\" id=\"toggle_8963bbc093565280d\"><a aria-expanded=\"false\" aria-controls=\"8963bbc093565280d\" role=\"button\" data-toggle=\"collapse\" data-parent=\"#accordion-162-1\" data-target=\"#8963bbc093565280d\" href=\"#8963bbc093565280d\"><span class=\"fusion-toggle-icon-wrapper\" aria-hidden=\"true\"><i class=\"fa-fusion-box active-icon awb-icon-minus\" aria-hidden=\"true\"><\/i><i class=\"fa-fusion-box inactive-icon awb-icon-plus\" aria-hidden=\"true\"><\/i><\/span><span class=\"fusion-toggle-heading\">Treffpunkt\/Termine<\/span><\/a><\/h4><\/div><div id=\"8963bbc093565280d\" class=\"panel-collapse collapse \" aria-labelledby=\"toggle_8963bbc093565280d\"><div class=\"panel-body toggle-content fusion-clearfix\">\n<p>Jeden 2. Mittwoch im Monat von 15.00 bis 17.00 Uhr im Ev. Gemeindehaus.<\/p>\n<p>7. Januar<br \/>\n11. Februar: Weltgebetstag in Nigeria<br \/>\n11. M\u00e4rz: Jahreshauptversammlung<br \/>\n08. April: Spielenachmittag<br \/>\n06. Mai: Fr\u00fchlingsfest<br \/>\n10. Juni: Jahresfest<br \/>\n08. Juli: Wilms-Filme<\/p>\n<p>Im Mai feiern wir Fr\u00fchlingsfest, im Oktober das Erntedankfest. Im Dezember laden wir zur Adventsfeier ein.<\/p>\n<\/div><\/div><\/div><\/div><\/div><\/div><\/div><div class=\"fusion-layout-column fusion_builder_column_inner fusion-builder-nested-column-1 fusion_builder_column_inner_1_4 1_4 fusion-flex-column\" style=\"--awb-bg-size:cover;--awb-box-shadow:0px 0px 10px 1px #9e9e9e;;--awb-width-large:25%;--awb-margin-top-large:0px;--awb-spacing-right-large:7.68%;--awb-margin-bottom-large:20px;--awb-spacing-left-large:7.68%;--awb-width-medium:25%;--awb-order-medium:0;--awb-spacing-right-medium:7.68%;--awb-spacing-left-medium:7.68%;--awb-width-small:100%;--awb-order-small:0;--awb-spacing-right-small:1.92%;--awb-spacing-left-small:1.92%;\"><div class=\"fusion-column-wrapper fusion-column-has-shadow fusion-flex-justify-content-flex-start fusion-content-layout-column\"><div class=\"fusion-image-element \" style=\"text-align:center;--awb-caption-title-font-family:var(--h2_typography-font-family);--awb-caption-title-font-weight:var(--h2_typography-font-weight);--awb-caption-title-font-style:var(--h2_typography-font-style);--awb-caption-title-size:var(--h2_typography-font-size);--awb-caption-title-transform:var(--h2_typography-text-transform);--awb-caption-title-line-height:var(--h2_typography-line-height);--awb-caption-title-letter-spacing:var(--h2_typography-letter-spacing);\"><span class=\" fusion-imageframe imageframe-none imageframe-2 hover-type-none\"><img decoding=\"async\" width=\"400\" height=\"250\" title=\"Stammtisch-400&#215;250\" src=\"https:\/\/asseln-evangelisch.de\/wp-content\/uploads\/2021\/03\/Stammtisch-400x250-1.png\" alt class=\"img-responsive wp-image-2824\" srcset=\"https:\/\/asseln-evangelisch.de\/wp-content\/uploads\/2021\/03\/Stammtisch-400x250-1-200x125.png 200w, https:\/\/asseln-evangelisch.de\/wp-content\/uploads\/2021\/03\/Stammtisch-400x250-1.png 400w\" sizes=\"(max-width: 640px) 100vw, 400px\" \/><\/span><\/div><div class=\"fusion-text fusion-text-3\"><h5 style=\"text-align: center;\">Frauenstammtisch<\/h5>\n<\/div><div class=\"accordian fusion-accordian\" style=\"--awb-border-size:0px;--awb-icon-size:16px;--awb-content-font-size:14px;--awb-icon-alignment:left;--awb-hover-color:#f9f9fb;--awb-border-color:#e2e2e2;--awb-background-color:#ffffff;--awb-divider-color:#e0dede;--awb-divider-hover-color:#e0dede;--awb-icon-color:#ffffff;--awb-title-color:#153b7c;--awb-content-color:#333333;--awb-icon-box-color:#8a2428;--awb-toggle-hover-accent-color:#560001;--awb-title-font-family:Arial, Helvetica, sans-serif;--awb-title-font-weight:400;--awb-title-font-style:normal;--awb-content-font-family:Arial, Helvetica, sans-serif;--awb-content-font-style:normal;--awb-content-font-weight:400;\"><div class=\"panel-group fusion-toggle-icon-boxed\" id=\"accordion-162-2\"><div class=\"fusion-panel panel-default panel-0910755eb5bbd5765 fusion-toggle-no-divider fusion-toggle-boxed-mode\" style=\"--awb-title-color:#153b7c;--awb-content-color:#333333;\"><div class=\"panel-heading\"><h4 class=\"panel-title toggle\" id=\"toggle_0910755eb5bbd5765\"><a aria-expanded=\"false\" aria-controls=\"0910755eb5bbd5765\" role=\"button\" data-toggle=\"collapse\" data-parent=\"#accordion-162-2\" data-target=\"#0910755eb5bbd5765\" href=\"#0910755eb5bbd5765\"><span class=\"fusion-toggle-icon-wrapper\" aria-hidden=\"true\"><i class=\"fa-fusion-box active-icon awb-icon-minus\" aria-hidden=\"true\"><\/i><i class=\"fa-fusion-box inactive-icon awb-icon-plus\" aria-hidden=\"true\"><\/i><\/span><span class=\"fusion-toggle-heading\">Informationen<\/span><\/a><\/h4><\/div><div id=\"0910755eb5bbd5765\" class=\"panel-collapse collapse \" aria-labelledby=\"toggle_0910755eb5bbd5765\"><div class=\"panel-body toggle-content fusion-clearfix\">\n<p>Wir sind eine Gruppe von zurzeit 15 Frauen (fast alle \u201eum die 70\u201c). Gemeinsam planen wir, womit wir uns besch\u00e4ftigen. Die Palette reicht von der Auseinandersetzung mit Fragen aus Politik , Kirche und Kultur bis zum geselligen Beisammensein und Reisen am Wochenende.<\/p>\n<p>Haben Sie Lust, uns kennenzulernen? Wir freuen uns auf Sie<\/p>\n<\/div><\/div><\/div><div class=\"fusion-panel panel-default panel-0f1f889b9855d3a68 fusion-toggle-no-divider fusion-toggle-boxed-mode\" style=\"--awb-title-color:#153b7c;--awb-content-color:#333333;\"><div class=\"panel-heading\"><h4 class=\"panel-title toggle\" id=\"toggle_0f1f889b9855d3a68\"><a aria-expanded=\"false\" aria-controls=\"0f1f889b9855d3a68\" role=\"button\" data-toggle=\"collapse\" data-parent=\"#accordion-162-2\" data-target=\"#0f1f889b9855d3a68\" href=\"#0f1f889b9855d3a68\"><span class=\"fusion-toggle-icon-wrapper\" aria-hidden=\"true\"><i class=\"fa-fusion-box active-icon awb-icon-minus\" aria-hidden=\"true\"><\/i><i class=\"fa-fusion-box inactive-icon awb-icon-plus\" aria-hidden=\"true\"><\/i><\/span><span class=\"fusion-toggle-heading\">Kontakt<\/span><\/a><\/h4><\/div><div id=\"0f1f889b9855d3a68\" class=\"panel-collapse collapse \" aria-labelledby=\"toggle_0f1f889b9855d3a68\"><div class=\"panel-body toggle-content fusion-clearfix\">\n<p><strong>Elisabeth Stamm<\/strong> (0231-2174843)<br \/>\n<strong>Monika Dreschers<\/strong> (0231-27300)<br \/>\n<strong>Beate Bartel<\/strong> (0231-278447)<br \/>\n<strong>Gisela H\u00f6ttemann<\/strong> (0231-271187)<\/p>\n<\/div><\/div><\/div><div class=\"fusion-panel panel-default panel-609085bc0e458e4e1 fusion-toggle-no-divider fusion-toggle-boxed-mode\" style=\"--awb-title-color:#153b7c;--awb-content-color:#333333;\"><div class=\"panel-heading\"><h4 class=\"panel-title toggle\" id=\"toggle_609085bc0e458e4e1\"><a aria-expanded=\"false\" aria-controls=\"609085bc0e458e4e1\" role=\"button\" data-toggle=\"collapse\" data-parent=\"#accordion-162-2\" data-target=\"#609085bc0e458e4e1\" href=\"#609085bc0e458e4e1\"><span class=\"fusion-toggle-icon-wrapper\" aria-hidden=\"true\"><i class=\"fa-fusion-box active-icon awb-icon-minus\" aria-hidden=\"true\"><\/i><i class=\"fa-fusion-box inactive-icon awb-icon-plus\" aria-hidden=\"true\"><\/i><\/span><span class=\"fusion-toggle-heading\">Treffpunkt\/Termine<\/span><\/a><\/h4><\/div><div id=\"609085bc0e458e4e1\" class=\"panel-collapse collapse \" aria-labelledby=\"toggle_609085bc0e458e4e1\"><div class=\"panel-body toggle-content fusion-clearfix\">\n<p>Alle 14 Tage montags von 19:00 Uhr bis 21:00 Uhr\u00a0 im Ev. Gemeindehaus (Clubraum).<br \/>\n19. Januar<br \/>\n02. Februar<br \/>\n16. Februar<br \/>\n02. M\u00e4rz<br \/>\n16. M\u00e4rz<br \/>\n30. M\u00e4rz<br \/>\n13. April<br \/>\n27. April<br \/>\n11. Mai<br \/>\n25. Mai<br \/>\n08. Juni<br \/>\n22. Juni<br \/>\n06. Juli<\/p>\n<\/div><\/div><\/div><\/div><\/div><\/div><\/div><div class=\"fusion-layout-column fusion_builder_column_inner fusion-builder-nested-column-2 fusion_builder_column_inner_1_4 1_4 fusion-flex-column\" style=\"--awb-bg-size:cover;--awb-box-shadow:0px 0px 10px 1px #9e9e9e;;--awb-width-large:25%;--awb-margin-top-large:0px;--awb-spacing-right-large:7.68%;--awb-margin-bottom-large:20px;--awb-spacing-left-large:7.68%;--awb-width-medium:25%;--awb-order-medium:0;--awb-spacing-right-medium:7.68%;--awb-spacing-left-medium:7.68%;--awb-width-small:100%;--awb-order-small:0;--awb-spacing-right-small:1.92%;--awb-spacing-left-small:1.92%;\"><div class=\"fusion-column-wrapper fusion-column-has-shadow fusion-flex-justify-content-flex-start fusion-content-layout-column\"><div class=\"fusion-image-element \" style=\"text-align:center;--awb-caption-title-font-family:var(--h2_typography-font-family);--awb-caption-title-font-weight:var(--h2_typography-font-weight);--awb-caption-title-font-style:var(--h2_typography-font-style);--awb-caption-title-size:var(--h2_typography-font-size);--awb-caption-title-transform:var(--h2_typography-text-transform);--awb-caption-title-line-height:var(--h2_typography-line-height);--awb-caption-title-letter-spacing:var(--h2_typography-letter-spacing);\"><span class=\" fusion-imageframe imageframe-none imageframe-3 hover-type-none\"><img decoding=\"async\" width=\"400\" height=\"250\" title=\"M\u00fctterstammtisch_400x250\" src=\"https:\/\/asseln-evangelisch.de\/wp-content\/uploads\/2020\/08\/Muetterstammtisch_400x250.png\" alt class=\"img-responsive wp-image-215\" srcset=\"https:\/\/asseln-evangelisch.de\/wp-content\/uploads\/2020\/08\/Muetterstammtisch_400x250-200x125.png 200w, https:\/\/asseln-evangelisch.de\/wp-content\/uploads\/2020\/08\/Muetterstammtisch_400x250.png 400w\" sizes=\"(max-width: 640px) 100vw, 400px\" \/><\/span><\/div><div class=\"fusion-text fusion-text-4\"><h5 style=\"text-align: center;\">M\u00fctterstammtisch<\/h5>\n<\/div><div class=\"accordian fusion-accordian\" style=\"--awb-border-size:0px;--awb-icon-size:16px;--awb-content-font-size:14px;--awb-icon-alignment:left;--awb-hover-color:#f9f9fb;--awb-border-color:#e2e2e2;--awb-background-color:#ffffff;--awb-divider-color:#e0dede;--awb-divider-hover-color:#e0dede;--awb-icon-color:#ffffff;--awb-title-color:#153b7c;--awb-content-color:#333333;--awb-icon-box-color:#8a2428;--awb-toggle-hover-accent-color:#560001;--awb-title-font-family:Arial, Helvetica, sans-serif;--awb-title-font-weight:400;--awb-title-font-style:normal;--awb-content-font-family:Arial, Helvetica, sans-serif;--awb-content-font-style:normal;--awb-content-font-weight:400;\"><div class=\"panel-group fusion-toggle-icon-boxed\" id=\"accordion-162-3\"><div class=\"fusion-panel panel-default panel-762619b80e7656006 fusion-toggle-no-divider fusion-toggle-boxed-mode\" style=\"--awb-title-color:#153b7c;--awb-content-color:#333333;\"><div class=\"panel-heading\"><h4 class=\"panel-title toggle\" id=\"toggle_762619b80e7656006\"><a aria-expanded=\"false\" aria-controls=\"762619b80e7656006\" role=\"button\" data-toggle=\"collapse\" data-parent=\"#accordion-162-3\" data-target=\"#762619b80e7656006\" href=\"#762619b80e7656006\"><span class=\"fusion-toggle-icon-wrapper\" aria-hidden=\"true\"><i class=\"fa-fusion-box active-icon awb-icon-minus\" aria-hidden=\"true\"><\/i><i class=\"fa-fusion-box inactive-icon awb-icon-plus\" aria-hidden=\"true\"><\/i><\/span><span class=\"fusion-toggle-heading\">Informationen<\/span><\/a><\/h4><\/div><div id=\"762619b80e7656006\" class=\"panel-collapse collapse \" aria-labelledby=\"toggle_762619b80e7656006\"><div class=\"panel-body toggle-content fusion-clearfix\">\n<p>Beim M\u00fctterstammtisch treffen sich einmal im Monat aktuelle und ehemalige M\u00fctter der ARCHE-Kinder.<\/p>\n<p>Wir basteln f\u00fcr den Weihnachtsstand, den wir jedes Jahr f\u00fcr den Kindergarten organisieren. Dort gibt es neben unseren Basteleien auch selbstgemachte Pralinen, Lik\u00f6r und andere\u00a0leckere Sachen. Bei deren Herstellung haben wir immer viel Spa\u00df.<\/p>\n<p>Daneben sprechen wir \u00fcber die lieben Kleinen und machen uns einen netten Abend.<\/p>\n<p>Zweimal im Jahr gehen wir auch essen.<\/p>\n<p>Nat\u00fcrlich unterst\u00fctzen wir auch den V\u00e4tertreff der ARCHE bei seinen Aktionen.<\/p>\n<\/div><\/div><\/div><div class=\"fusion-panel panel-default panel-c10e54ab7dd8935e4 fusion-toggle-no-divider fusion-toggle-boxed-mode\" style=\"--awb-title-color:#153b7c;--awb-content-color:#333333;\"><div class=\"panel-heading\"><h4 class=\"panel-title toggle\" id=\"toggle_c10e54ab7dd8935e4\"><a aria-expanded=\"false\" aria-controls=\"c10e54ab7dd8935e4\" role=\"button\" data-toggle=\"collapse\" data-parent=\"#accordion-162-3\" data-target=\"#c10e54ab7dd8935e4\" href=\"#c10e54ab7dd8935e4\"><span class=\"fusion-toggle-icon-wrapper\" aria-hidden=\"true\"><i class=\"fa-fusion-box active-icon awb-icon-minus\" aria-hidden=\"true\"><\/i><i class=\"fa-fusion-box inactive-icon awb-icon-plus\" aria-hidden=\"true\"><\/i><\/span><span class=\"fusion-toggle-heading\">Kontakt<\/span><\/a><\/h4><\/div><div id=\"c10e54ab7dd8935e4\" class=\"panel-collapse collapse \" aria-labelledby=\"toggle_c10e54ab7dd8935e4\"><div class=\"panel-body toggle-content fusion-clearfix\">\n<p>\u00dcber das Familienzentrum ARCHE\u00a0 0231-53230744<\/p>\n<p><strong>Susann Wachsmann<br \/>\nJennifer Ibel<\/strong><\/p>\n<\/div><\/div><\/div><\/div><\/div><\/div><\/div><div class=\"fusion-layout-column fusion_builder_column_inner fusion-builder-nested-column-3 fusion_builder_column_inner_1_4 1_4 fusion-flex-column\" style=\"--awb-bg-size:cover;--awb-box-shadow:0px 0px 10px 1px #9e9e9e;;--awb-width-large:25%;--awb-margin-top-large:0px;--awb-spacing-right-large:7.68%;--awb-margin-bottom-large:20px;--awb-spacing-left-large:7.68%;--awb-width-medium:25%;--awb-order-medium:0;--awb-spacing-right-medium:7.68%;--awb-spacing-left-medium:7.68%;--awb-width-small:100%;--awb-order-small:0;--awb-spacing-right-small:1.92%;--awb-spacing-left-small:1.92%;\"><div class=\"fusion-column-wrapper fusion-column-has-shadow fusion-flex-justify-content-flex-start fusion-content-layout-column\"><div class=\"fusion-image-element \" style=\"text-align:center;--awb-caption-title-font-family:var(--h2_typography-font-family);--awb-caption-title-font-weight:var(--h2_typography-font-weight);--awb-caption-title-font-style:var(--h2_typography-font-style);--awb-caption-title-size:var(--h2_typography-font-size);--awb-caption-title-transform:var(--h2_typography-text-transform);--awb-caption-title-line-height:var(--h2_typography-line-height);--awb-caption-title-letter-spacing:var(--h2_typography-letter-spacing);\"><span class=\" fusion-imageframe imageframe-none imageframe-4 hover-type-none\"><img decoding=\"async\" width=\"400\" height=\"250\" title=\"Frauenzauber_400x250\" src=\"https:\/\/asseln-evangelisch.de\/wp-content\/uploads\/2020\/08\/Frauenzauber_400x250.png\" alt class=\"img-responsive wp-image-217\" srcset=\"https:\/\/asseln-evangelisch.de\/wp-content\/uploads\/2020\/08\/Frauenzauber_400x250-200x125.png 200w, https:\/\/asseln-evangelisch.de\/wp-content\/uploads\/2020\/08\/Frauenzauber_400x250.png 400w\" sizes=\"(max-width: 640px) 100vw, 400px\" \/><\/span><\/div><div class=\"fusion-text fusion-text-5\"><h5 style=\"text-align: center;\">Frauenzauber<\/h5>\n<\/div><div class=\"accordian fusion-accordian\" style=\"--awb-border-size:0px;--awb-icon-size:16px;--awb-content-font-size:14px;--awb-icon-alignment:left;--awb-hover-color:#f9f9fb;--awb-border-color:#e2e2e2;--awb-background-color:#ffffff;--awb-divider-color:#e0dede;--awb-divider-hover-color:#e0dede;--awb-icon-color:#ffffff;--awb-title-color:#153b7c;--awb-content-color:#333333;--awb-icon-box-color:#8a2428;--awb-toggle-hover-accent-color:#560001;--awb-title-font-family:Arial, Helvetica, sans-serif;--awb-title-font-weight:400;--awb-title-font-style:normal;--awb-content-font-family:Arial, Helvetica, sans-serif;--awb-content-font-style:normal;--awb-content-font-weight:400;\"><div class=\"panel-group fusion-toggle-icon-boxed\" id=\"accordion-162-4\"><div class=\"fusion-panel panel-default panel-ebf5da264fef12f00 fusion-toggle-no-divider fusion-toggle-boxed-mode\" style=\"--awb-title-color:#153b7c;--awb-content-color:#333333;\"><div class=\"panel-heading\"><h4 class=\"panel-title toggle\" id=\"toggle_ebf5da264fef12f00\"><a aria-expanded=\"false\" aria-controls=\"ebf5da264fef12f00\" role=\"button\" data-toggle=\"collapse\" data-parent=\"#accordion-162-4\" data-target=\"#ebf5da264fef12f00\" href=\"#ebf5da264fef12f00\"><span class=\"fusion-toggle-icon-wrapper\" aria-hidden=\"true\"><i class=\"fa-fusion-box active-icon awb-icon-minus\" aria-hidden=\"true\"><\/i><i class=\"fa-fusion-box inactive-icon awb-icon-plus\" aria-hidden=\"true\"><\/i><\/span><span class=\"fusion-toggle-heading\">Informationen<\/span><\/a><\/h4><\/div><div id=\"ebf5da264fef12f00\" class=\"panel-collapse collapse \" aria-labelledby=\"toggle_ebf5da264fef12f00\"><div class=\"panel-body toggle-content fusion-clearfix\">\n<p>Wir zaubern uns die Welt, wie sie uns gef\u00e4llt&#8230;<\/p>\n<p>Frauen &#8222;plus-minus 60&#8220; treffen sich zu lockeren, gem\u00fctlichen, themen-bezogenen, interessanten und informellen Gespr\u00e4chsabenden &#8211; jeden zweiten und vierten Dienstag im Monat.<\/p>\n<p>Auf unserem Programm stehen au\u00dferdem kulturelle Exkursionen (z.B. Theater- undKinobesuche) und wir unternehmen einmal im Jahr einen gemeinsamen Tagesausflug.<\/p>\n<\/div><\/div><\/div><div class=\"fusion-panel panel-default panel-1c15d706f676b645c fusion-toggle-no-divider fusion-toggle-boxed-mode\" style=\"--awb-title-color:#153b7c;--awb-content-color:#333333;\"><div class=\"panel-heading\"><h4 class=\"panel-title toggle\" id=\"toggle_1c15d706f676b645c\"><a aria-expanded=\"false\" aria-controls=\"1c15d706f676b645c\" role=\"button\" data-toggle=\"collapse\" data-parent=\"#accordion-162-4\" data-target=\"#1c15d706f676b645c\" href=\"#1c15d706f676b645c\"><span class=\"fusion-toggle-icon-wrapper\" aria-hidden=\"true\"><i class=\"fa-fusion-box active-icon awb-icon-minus\" aria-hidden=\"true\"><\/i><i class=\"fa-fusion-box inactive-icon awb-icon-plus\" aria-hidden=\"true\"><\/i><\/span><span class=\"fusion-toggle-heading\">Kontakt<\/span><\/a><\/h4><\/div><div id=\"1c15d706f676b645c\" class=\"panel-collapse collapse \" aria-labelledby=\"toggle_1c15d706f676b645c\"><div class=\"panel-body toggle-content fusion-clearfix\">\n<p><strong>Heidi Vallender<\/strong> (0231-279782)<br \/>\n<strong>Ulrike Pfohl-Gru\u00df<\/strong> (0231-279570)<\/p>\n<\/div><\/div><\/div><div class=\"fusion-panel panel-default panel-892faa86480b73a20 fusion-toggle-no-divider fusion-toggle-boxed-mode\" style=\"--awb-title-color:#153b7c;--awb-content-color:#333333;\"><div class=\"panel-heading\"><h4 class=\"panel-title toggle\" id=\"toggle_892faa86480b73a20\"><a aria-expanded=\"false\" aria-controls=\"892faa86480b73a20\" role=\"button\" data-toggle=\"collapse\" data-parent=\"#accordion-162-4\" data-target=\"#892faa86480b73a20\" href=\"#892faa86480b73a20\"><span class=\"fusion-toggle-icon-wrapper\" aria-hidden=\"true\"><i class=\"fa-fusion-box active-icon awb-icon-minus\" aria-hidden=\"true\"><\/i><i class=\"fa-fusion-box inactive-icon awb-icon-plus\" aria-hidden=\"true\"><\/i><\/span><span class=\"fusion-toggle-heading\">Treffpunkt\/Termine<\/span><\/a><\/h4><\/div><div id=\"892faa86480b73a20\" class=\"panel-collapse collapse \" aria-labelledby=\"toggle_892faa86480b73a20\"><div class=\"panel-body toggle-content fusion-clearfix\">\n<p>Ev. Gemeindehaus (Clubraum)<br \/>\nJeden 2. und 4. Dienstag im Monat ab 19.30 Uhr<br \/>\n13.01.<\/p>\n<\/div><\/div><\/div><\/div><\/div><\/div><\/div><\/div><\/div><\/div><\/div><\/div>\n","protected":false},"excerpt":{"rendered":"","protected":false},"author":2,"featured_media":0,"parent":0,"menu_order":0,"comment_status":"closed","ping_status":"closed","template":"","meta":{"footnotes":""},"class_list":["post-162","page","type-page","status-publish","hentry"],"yoast_head":"<!-- This site is optimized with the Yoast SEO plugin v27.3 - https:\/\/yoast.com\/product\/yoast-seo-wordpress\/ -->\n<title>F\u00fcr Frauen - Gemeinde Asseln<\/title>\n<meta name=\"robots\" content=\"index, follow, max-snippet:-1, max-image-preview:large, max-video-preview:-1\" \/>\n<link rel=\"canonical\" href=\"https:\/\/asseln-evangelisch.de\/index.php\/angebot-fuer-frauen\/\" \/>\n<meta property=\"og:locale\" content=\"de_DE\" \/>\n<meta property=\"og:type\" content=\"article\" \/>\n<meta property=\"og:title\" content=\"F\u00fcr Frauen - Gemeinde Asseln\" \/>\n<meta property=\"og:url\" content=\"https:\/\/asseln-evangelisch.de\/index.php\/angebot-fuer-frauen\/\" \/>\n<meta property=\"og:site_name\" content=\"Gemeinde Asseln\" \/>\n<meta property=\"article:modified_time\" content=\"2026-01-06T17:25:36+00:00\" \/>\n<meta name=\"twitter:card\" content=\"summary_large_image\" \/>\n<meta name=\"twitter:label1\" content=\"Gesch\u00e4tzte Lesezeit\" \/>\n\t<meta name=\"twitter:data1\" content=\"4\u00a0Minuten\" \/>\n<script type=\"application\/ld+json\" class=\"yoast-schema-graph\">{\"@context\":\"https:\\\/\\\/schema.org\",\"@graph\":[{\"@type\":\"WebPage\",\"@id\":\"https:\\\/\\\/asseln-evangelisch.de\\\/index.php\\\/angebot-fuer-frauen\\\/\",\"url\":\"https:\\\/\\\/asseln-evangelisch.de\\\/index.php\\\/angebot-fuer-frauen\\\/\",\"name\":\"F\u00fcr Frauen - Gemeinde Asseln\",\"isPartOf\":{\"@id\":\"https:\\\/\\\/asseln-evangelisch.de\\\/#website\"},\"datePublished\":\"2020-08-30T13:59:25+00:00\",\"dateModified\":\"2026-01-06T17:25:36+00:00\",\"breadcrumb\":{\"@id\":\"https:\\\/\\\/asseln-evangelisch.de\\\/index.php\\\/angebot-fuer-frauen\\\/#breadcrumb\"},\"inLanguage\":\"de\",\"potentialAction\":[{\"@type\":\"ReadAction\",\"target\":[\"https:\\\/\\\/asseln-evangelisch.de\\\/index.php\\\/angebot-fuer-frauen\\\/\"]}]},{\"@type\":\"BreadcrumbList\",\"@id\":\"https:\\\/\\\/asseln-evangelisch.de\\\/index.php\\\/angebot-fuer-frauen\\\/#breadcrumb\",\"itemListElement\":[{\"@type\":\"ListItem\",\"position\":1,\"name\":\"Startseite\",\"item\":\"https:\\\/\\\/asseln-evangelisch.de\\\/\"},{\"@type\":\"ListItem\",\"position\":2,\"name\":\"F\u00fcr Frauen\"}]},{\"@type\":\"WebSite\",\"@id\":\"https:\\\/\\\/asseln-evangelisch.de\\\/#website\",\"url\":\"https:\\\/\\\/asseln-evangelisch.de\\\/\",\"name\":\"Gemeinde Asseln\",\"description\":\"Ev.-Luth. Kirchengemeinde Asseln\",\"potentialAction\":[{\"@type\":\"SearchAction\",\"target\":{\"@type\":\"EntryPoint\",\"urlTemplate\":\"https:\\\/\\\/asseln-evangelisch.de\\\/?s={search_term_string}\"},\"query-input\":{\"@type\":\"PropertyValueSpecification\",\"valueRequired\":true,\"valueName\":\"search_term_string\"}}],\"inLanguage\":\"de\"}]}<\/script>\n<!-- \/ Yoast SEO plugin. -->","yoast_head_json":{"title":"F\u00fcr Frauen - Gemeinde Asseln","robots":{"index":"index","follow":"follow","max-snippet":"max-snippet:-1","max-image-preview":"max-image-preview:large","max-video-preview":"max-video-preview:-1"},"canonical":"https:\/\/asseln-evangelisch.de\/index.php\/angebot-fuer-frauen\/","og_locale":"de_DE","og_type":"article","og_title":"F\u00fcr Frauen - Gemeinde Asseln","og_url":"https:\/\/asseln-evangelisch.de\/index.php\/angebot-fuer-frauen\/","og_site_name":"Gemeinde Asseln","article_modified_time":"2026-01-06T17:25:36+00:00","twitter_card":"summary_large_image","twitter_misc":{"Gesch\u00e4tzte Lesezeit":"4\u00a0Minuten"},"schema":{"@context":"https:\/\/schema.org","@graph":[{"@type":"WebPage","@id":"https:\/\/asseln-evangelisch.de\/index.php\/angebot-fuer-frauen\/","url":"https:\/\/asseln-evangelisch.de\/index.php\/angebot-fuer-frauen\/","name":"F\u00fcr Frauen - Gemeinde Asseln","isPartOf":{"@id":"https:\/\/asseln-evangelisch.de\/#website"},"datePublished":"2020-08-30T13:59:25+00:00","dateModified":"2026-01-06T17:25:36+00:00","breadcrumb":{"@id":"https:\/\/asseln-evangelisch.de\/index.php\/angebot-fuer-frauen\/#breadcrumb"},"inLanguage":"de","potentialAction":[{"@type":"ReadAction","target":["https:\/\/asseln-evangelisch.de\/index.php\/angebot-fuer-frauen\/"]}]},{"@type":"BreadcrumbList","@id":"https:\/\/asseln-evangelisch.de\/index.php\/angebot-fuer-frauen\/#breadcrumb","itemListElement":[{"@type":"ListItem","position":1,"name":"Startseite","item":"https:\/\/asseln-evangelisch.de\/"},{"@type":"ListItem","position":2,"name":"F\u00fcr Frauen"}]},{"@type":"WebSite","@id":"https:\/\/asseln-evangelisch.de\/#website","url":"https:\/\/asseln-evangelisch.de\/","name":"Gemeinde Asseln","description":"Ev.-Luth. Kirchengemeinde Asseln","potentialAction":[{"@type":"SearchAction","target":{"@type":"EntryPoint","urlTemplate":"https:\/\/asseln-evangelisch.de\/?s={search_term_string}"},"query-input":{"@type":"PropertyValueSpecification","valueRequired":true,"valueName":"search_term_string"}}],"inLanguage":"de"}]}},"_links":{"self":[{"href":"https:\/\/asseln-evangelisch.de\/index.php\/wp-json\/wp\/v2\/pages\/162","targetHints":{"allow":["GET"]}}],"collection":[{"href":"https:\/\/asseln-evangelisch.de\/index.php\/wp-json\/wp\/v2\/pages"}],"about":[{"href":"https:\/\/asseln-evangelisch.de\/index.php\/wp-json\/wp\/v2\/types\/page"}],"author":[{"embeddable":true,"href":"https:\/\/asseln-evangelisch.de\/index.php\/wp-json\/wp\/v2\/users\/2"}],"replies":[{"embeddable":true,"href":"https:\/\/asseln-evangelisch.de\/index.php\/wp-json\/wp\/v2\/comments?post=162"}],"version-history":[{"count":12,"href":"https:\/\/asseln-evangelisch.de\/index.php\/wp-json\/wp\/v2\/pages\/162\/revisions"}],"predecessor-version":[{"id":5641,"href":"https:\/\/asseln-evangelisch.de\/index.php\/wp-json\/wp\/v2\/pages\/162\/revisions\/5641"}],"wp:attachment":[{"href":"https:\/\/asseln-evangelisch.de\/index.php\/wp-json\/wp\/v2\/media?parent=162"}],"curies":[{"name":"wp","href":"https:\/\/api.w.org\/{rel}","templated":true}]}}