{"id":2650,"date":"2021-03-14T16:41:02","date_gmt":"2021-03-14T16:41:02","guid":{"rendered":"https:\/\/asseln-evangelisch.de\/?page_id=2650"},"modified":"2025-11-09T15:05:33","modified_gmt":"2025-11-09T14:05:33","slug":"fuer-familien","status":"publish","type":"page","link":"https:\/\/asseln-evangelisch.de\/index.php\/fuer-familien\/","title":{"rendered":"F\u00fcr Familien"},"content":{"rendered":"<p><div class=\"fusion-fullwidth fullwidth-box fusion-builder-row-1 fusion-flex-container nonhundred-percent-fullwidth non-hundred-percent-height-scrolling\" style=\"--awb-border-radius-top-left:0px;--awb-border-radius-top-right:0px;--awb-border-radius-bottom-right:0px;--awb-border-radius-bottom-left:0px;--awb-flex-wrap:wrap;\" ><div class=\"fusion-builder-row fusion-row fusion-flex-align-items-flex-start fusion-flex-content-wrap\" style=\"max-width:1248px;margin-left: calc(-4% \/ 2 );margin-right: calc(-4% \/ 2 );\"><div class=\"fusion-layout-column fusion_builder_column fusion-builder-column-0 fusion_builder_column_1_1 1_1 fusion-flex-column\" style=\"--awb-bg-size:cover;--awb-width-large:100%;--awb-margin-top-large:0px;--awb-spacing-right-large:1.92%;--awb-margin-bottom-large:20px;--awb-spacing-left-large:1.92%;--awb-width-medium:100%;--awb-order-medium:0;--awb-spacing-right-medium:1.92%;--awb-spacing-left-medium:1.92%;--awb-width-small:100%;--awb-order-small:0;--awb-spacing-right-small:1.92%;--awb-spacing-left-small:1.92%;\"><div class=\"fusion-column-wrapper fusion-column-has-shadow fusion-flex-justify-content-flex-start fusion-content-layout-column\"><div class=\"fusion-text fusion-text-1\"><h1>Unser Angebot: F\u00fcr Familien<\/h1>\n<h2>Die ARCHE &#8211; Ein Zentrum f\u00fcr Familien<\/h2>\n<p>Die ARCHE ist ein Treffpunkt f\u00fcr Gro\u00df und Klein. Jeden Tag leben, spielen und lernen bei uns 82 Kinder zwischen vier Monaten\u00a0und sechs Jahren, mit und ohne Behinderung. Gemeinsam mit den Eltern und den Familien gestalten wir ein lebendiges Haus f\u00fcr Kinder.<\/p>\n<p>Die ARCHE ist ein zertifiziertes Familienzentrum. In unserer Einrichtung arbeiten ausschlie\u00dflich qualifizierte p\u00e4dagogische Fachkr\u00e4fte (Erzieherinnen\/Erzieher und eine Heilp\u00e4dagogin)in Vollzeit und Teilzeit. Wir sind ein Ausbildungsbetrieb: Eine Erzieherin und\u00a0 ein Erzieher in der Dualen-Ausbildung erg\u00e4nzen unser Team.<\/p>\n<p>In unserer Einrichtung gibt es acht Bezugsgruppen mit 9-12 Kindern.<\/p>\n<p>Unsere Funktionsr\u00e4ume bieten den Kindern vielf\u00e4ltige M\u00f6glichkeiten sich auszuprobieren, F\u00e4higkeiten und Fertigkeiten zu erfahren und auszubauen. Das Kind ist Selbstgestalter seiner Entwicklung. Unsere Aufgabe sehen wir als Begleiter, Lernpartner, Zuh\u00f6rer und Unterst\u00fctzer.<\/p>\n<p>Folgende Funktionsr\u00e4ume stehen den Kindern zur Verf\u00fcgung: Bewegungs-Raum, Rollenspiel- und Theater-Raum, Atelier, Forscher-Raum, Schreibwerkstatt, Bau-Raum, Bibel-Raum.<\/p>\n<p>Unser gro\u00dfz\u00fcgiges Au\u00dfengel\u00e4nde ist ein echter &#8222;Kinder-Garten&#8220;. Dort finden die Kinder Spielr\u00e4ume, die zur Bewegung herausfordern, die alle Sinne anregen und ihre Fantasie befl\u00fcgeln.<\/p>\n<\/div><div class=\"fusion-separator fusion-full-width-sep\" style=\"align-self: center;margin-left: auto;margin-right: auto;margin-top:30px;width:100%;\"><\/div><div class=\"fusion-builder-row fusion-builder-row-inner fusion-row fusion-flex-align-items-flex-start fusion-flex-content-wrap\" style=\"--awb-flex-grow:0;--awb-flex-grow-medium:0;--awb-flex-grow-small:0;--awb-flex-shrink:0;--awb-flex-shrink-medium:0;--awb-flex-shrink-small:0;width:104% !important;max-width:104% !important;margin-left: calc(-4% \/ 2 );margin-right: calc(-4% \/ 2 );\"><div class=\"fusion-layout-column fusion_builder_column_inner fusion-builder-nested-column-0 fusion_builder_column_inner_1_5 1_5 fusion-flex-column\" style=\"--awb-bg-size:cover;--awb-box-shadow:0px 0px 10px 1px #9e9e9e;;--awb-width-large:20%;--awb-margin-top-large:0px;--awb-spacing-right-large:9.6%;--awb-margin-bottom-large:20px;--awb-spacing-left-large:9.6%;--awb-width-medium:20%;--awb-order-medium:0;--awb-spacing-right-medium:9.6%;--awb-spacing-left-medium:9.6%;--awb-width-small:100%;--awb-order-small:0;--awb-spacing-right-small:1.92%;--awb-spacing-left-small:1.92%;\"><div class=\"fusion-column-wrapper fusion-column-has-shadow fusion-flex-justify-content-flex-start fusion-content-layout-column\"><div class=\"fusion-image-element \" style=\"text-align:center;--awb-caption-title-font-family:var(--h2_typography-font-family);--awb-caption-title-font-weight:var(--h2_typography-font-weight);--awb-caption-title-font-style:var(--h2_typography-font-style);--awb-caption-title-size:var(--h2_typography-font-size);--awb-caption-title-transform:var(--h2_typography-text-transform);--awb-caption-title-line-height:var(--h2_typography-line-height);--awb-caption-title-letter-spacing:var(--h2_typography-letter-spacing);\"><span class=\" fusion-imageframe imageframe-none imageframe-1 hover-type-none\"><img decoding=\"async\" width=\"400\" height=\"251\" title=\"csm_ARCHE-Logo-bunt_bearbeitet-1_klein-400&#215;250\" src=\"https:\/\/asseln-evangelisch.de\/wp-content\/uploads\/2021\/03\/csm_ARCHE-Logo-bunt_bearbeitet-1_klein-400x250-1.png\" alt class=\"img-responsive wp-image-2780\" srcset=\"https:\/\/asseln-evangelisch.de\/wp-content\/uploads\/2021\/03\/csm_ARCHE-Logo-bunt_bearbeitet-1_klein-400x250-1-200x126.png 200w, https:\/\/asseln-evangelisch.de\/wp-content\/uploads\/2021\/03\/csm_ARCHE-Logo-bunt_bearbeitet-1_klein-400x250-1.png 400w\" sizes=\"(max-width: 640px) 100vw, 200px\" \/><\/span><\/div><div class=\"fusion-text fusion-text-2\"><h5 style=\"text-align: center;\">Die Angebote der ARCHE<\/h5>\n<\/div><div class=\"accordian fusion-accordian\" style=\"--awb-border-size:0px;--awb-icon-size:16px;--awb-content-font-size:14px;--awb-icon-alignment:left;--awb-hover-color:#f9f9fb;--awb-border-color:#e2e2e2;--awb-background-color:#ffffff;--awb-divider-color:#e0dede;--awb-divider-hover-color:#e0dede;--awb-icon-color:#ffffff;--awb-title-color:#153b7c;--awb-content-color:#333333;--awb-icon-box-color:#8a2428;--awb-toggle-hover-accent-color:#560001;--awb-title-font-family:Arial, Helvetica, sans-serif;--awb-title-font-weight:400;--awb-title-font-style:normal;--awb-content-font-family:Arial, Helvetica, sans-serif;--awb-content-font-style:normal;--awb-content-font-weight:400;\"><div class=\"panel-group fusion-toggle-icon-boxed\" id=\"accordion-2650-1\"><div class=\"fusion-panel panel-default panel-2f4877d570b8de75c fusion-toggle-no-divider fusion-toggle-boxed-mode\" style=\"--awb-title-color:#153b7c;--awb-content-color:#333333;\"><div class=\"panel-heading\"><h4 class=\"panel-title toggle\" id=\"toggle_2f4877d570b8de75c\"><a aria-expanded=\"false\" aria-controls=\"2f4877d570b8de75c\" role=\"button\" data-toggle=\"collapse\" data-parent=\"#accordion-2650-1\" data-target=\"#2f4877d570b8de75c\" href=\"#2f4877d570b8de75c\"><span class=\"fusion-toggle-icon-wrapper\" aria-hidden=\"true\"><i class=\"fa-fusion-box active-icon awb-icon-minus\" aria-hidden=\"true\"><\/i><i class=\"fa-fusion-box inactive-icon awb-icon-plus\" aria-hidden=\"true\"><\/i><\/span><span class=\"fusion-toggle-heading\">Informationen<\/span><\/a><\/h4><\/div><div id=\"2f4877d570b8de75c\" class=\"panel-collapse collapse \" aria-labelledby=\"toggle_2f4877d570b8de75c\"><div class=\"panel-body toggle-content fusion-clearfix\">\n<p>Seit mehr als f\u00fcnf Jahrzehnten ist die Ev.-Luth. Kirchengemeinde Asseln intensiv in der Arbeit mit Kindern und Familien engagiert &#8211; im Bereich der Tageseinrichtung und dar\u00fcber hinaus.<\/p>\n<p>Unserem Selbstverst\u00e4ndnis als Evangelisches Familienzentrum entspringen die folgenden Angebote, die sich in vier Bereiche gliedern:<\/p>\n<\/div><\/div><\/div><div class=\"fusion-panel panel-default panel-a5e5114d7360dd14c fusion-toggle-no-divider fusion-toggle-boxed-mode\" style=\"--awb-title-color:#153b7c;--awb-content-color:#333333;\"><div class=\"panel-heading\"><h4 class=\"panel-title toggle\" id=\"toggle_a5e5114d7360dd14c\"><a aria-expanded=\"false\" aria-controls=\"a5e5114d7360dd14c\" role=\"button\" data-toggle=\"collapse\" data-parent=\"#accordion-2650-1\" data-target=\"#a5e5114d7360dd14c\" href=\"#a5e5114d7360dd14c\"><span class=\"fusion-toggle-icon-wrapper\" aria-hidden=\"true\"><i class=\"fa-fusion-box active-icon awb-icon-minus\" aria-hidden=\"true\"><\/i><i class=\"fa-fusion-box inactive-icon awb-icon-plus\" aria-hidden=\"true\"><\/i><\/span><span class=\"fusion-toggle-heading\">Beratung und Unterst\u00fctzung<\/span><\/a><\/h4><\/div><div id=\"a5e5114d7360dd14c\" class=\"panel-collapse collapse \" aria-labelledby=\"toggle_a5e5114d7360dd14c\"><div class=\"panel-body toggle-content fusion-clearfix\">\n<p>Bei uns finden Sie:<\/p>\n<ul>\n<li>aktuelle Verzeichnisse von Beratungs- und Therapiem\u00f6glichkeiten<\/li>\n<li>aktuelle Verzeichnisse von Angeboten zur Gesundheits- und Bewegungsf\u00f6rderung in der Umgebung<\/li>\n<li>Begleitung von Beratungsprozessen<\/li>\n<li>anerkannte Verfahren zur Fr\u00fcherkennung von Lese-Rechtschreib-Schw\u00e4che (LRS)<\/li>\n<li><a href=\"https:\/\/www.asseln-evangelisch.de\/eltern-kind-gruppen-1\/eltern-kind-gruppen.html\">Eltern-Kind-Gruppen<\/a> f\u00fcr Familien mit Kindern, die j\u00fcnger als drei Jahre sind<\/li>\n<li>offene Sprechstunden f\u00fcr Erziehungs- und Familienberatung<\/li>\n<li>regelm\u00e4\u00dfige Hebammensprechstunden<\/li>\n<li>Zusammenarbeit mit Kinder\u00e4rzten<\/li>\n<li>Spezialisierung von Mitarbeiterinnen zu den Themen Kinderschutz, Gesundheitsf\u00f6rderung und Sprachf\u00f6rderung<\/li>\n<li>Durchf\u00fchrung von individuellen Therapien<\/li>\n<\/ul>\n<\/div><\/div><\/div><div class=\"fusion-panel panel-default panel-32d99c22283c56e1f fusion-toggle-no-divider fusion-toggle-boxed-mode\" style=\"--awb-title-color:#153b7c;--awb-content-color:#333333;\"><div class=\"panel-heading\"><h4 class=\"panel-title toggle\" id=\"toggle_32d99c22283c56e1f\"><a aria-expanded=\"false\" aria-controls=\"32d99c22283c56e1f\" role=\"button\" data-toggle=\"collapse\" data-parent=\"#accordion-2650-1\" data-target=\"#32d99c22283c56e1f\" href=\"#32d99c22283c56e1f\"><span class=\"fusion-toggle-icon-wrapper\" aria-hidden=\"true\"><i class=\"fa-fusion-box active-icon awb-icon-minus\" aria-hidden=\"true\"><\/i><i class=\"fa-fusion-box inactive-icon awb-icon-plus\" aria-hidden=\"true\"><\/i><\/span><span class=\"fusion-toggle-heading\">Familienbindung und Erziehungspartnerschaft<\/span><\/a><\/h4><\/div><div id=\"32d99c22283c56e1f\" class=\"panel-collapse collapse \" aria-labelledby=\"toggle_32d99c22283c56e1f\"><div class=\"panel-body toggle-content fusion-clearfix\">\n<p><strong>2. Familienbildung und Erziehungspartnerschaft<\/strong><\/p>\n<p>Wir bieten Ihnen:<\/p>\n<ul>\n<li>ein offenes Elterncaf\u00e9 zweimal w\u00f6chentlich<\/li>\n<li>&#8222;Caf\u00e9 Kr\u00fcmel&#8220;<\/li>\n<li>Vater-Kind-Aktionen<\/li>\n<li>kreative Angebote f\u00fcr Eltern<\/li>\n<li>kreative Angebote f\u00fcr Eltern und Kinder<\/li>\n<li>Eltern-Kind-Angebote zur Bewegungsf\u00f6rderung<\/li>\n<li>Elternabende und -nachmittage zu p\u00e4dagogischen Themen<\/li>\n<li>Kurse zur St\u00e4rkung der Erziehungskompetenz<\/li>\n<li>Mitwirkung von Eltern bei der Gestaltung von Aktivit\u00e4ten<\/li>\n<li>M\u00f6glichkeit f\u00fcr Eltern, selbst organisierte Aktivit\u00e4ten im Familienzentrum durchzuf\u00fchren<\/li>\n<li>j\u00e4hrliche Familienwochenenden<\/li>\n<\/ul>\n<\/div><\/div><\/div><div class=\"fusion-panel panel-default panel-9e11797fa849cb81e fusion-toggle-no-divider fusion-toggle-boxed-mode\" style=\"--awb-title-color:#153b7c;--awb-content-color:#333333;\"><div class=\"panel-heading\"><h4 class=\"panel-title toggle\" id=\"toggle_9e11797fa849cb81e\"><a aria-expanded=\"false\" aria-controls=\"9e11797fa849cb81e\" role=\"button\" data-toggle=\"collapse\" data-parent=\"#accordion-2650-1\" data-target=\"#9e11797fa849cb81e\" href=\"#9e11797fa849cb81e\"><span class=\"fusion-toggle-icon-wrapper\" aria-hidden=\"true\"><i class=\"fa-fusion-box active-icon awb-icon-minus\" aria-hidden=\"true\"><\/i><i class=\"fa-fusion-box inactive-icon awb-icon-plus\" aria-hidden=\"true\"><\/i><\/span><span class=\"fusion-toggle-heading\">Kindertagespflege<\/span><\/a><\/h4><\/div><div id=\"9e11797fa849cb81e\" class=\"panel-collapse collapse \" aria-labelledby=\"toggle_9e11797fa849cb81e\"><div class=\"panel-body toggle-content fusion-clearfix\">\n<p>Bei uns finden Sie:<\/p>\n<ul>\n<li>Hilfreiches Informationsmaterial zum Thema &#8222;Tagespflege&#8220;<\/li>\n<li>Vermittlung von Tagespflegepersonen<\/li>\n<li>Informationsveranstaltungen f\u00fcr Eltern zur Tagespflege<\/li>\n<\/ul>\n<\/div><\/div><\/div><div class=\"fusion-panel panel-default panel-576e145df052c6ae7 fusion-toggle-no-divider fusion-toggle-boxed-mode\" style=\"--awb-title-color:#153b7c;--awb-content-color:#333333;\"><div class=\"panel-heading\"><h4 class=\"panel-title toggle\" id=\"toggle_576e145df052c6ae7\"><a aria-expanded=\"false\" aria-controls=\"576e145df052c6ae7\" role=\"button\" data-toggle=\"collapse\" data-parent=\"#accordion-2650-1\" data-target=\"#576e145df052c6ae7\" href=\"#576e145df052c6ae7\"><span class=\"fusion-toggle-icon-wrapper\" aria-hidden=\"true\"><i class=\"fa-fusion-box active-icon awb-icon-minus\" aria-hidden=\"true\"><\/i><i class=\"fa-fusion-box inactive-icon awb-icon-plus\" aria-hidden=\"true\"><\/i><\/span><span class=\"fusion-toggle-heading\">Vereinbarkeit von Familie und Beruf<\/span><\/a><\/h4><\/div><div id=\"576e145df052c6ae7\" class=\"panel-collapse collapse \" aria-labelledby=\"toggle_576e145df052c6ae7\"><div class=\"panel-body toggle-content fusion-clearfix\">\n<p>Bei dem Bem\u00fchen, berufliches Engagement und Familienleben miteinander zu vereinbaren, helfen wir Ihnen durch:<\/p>\n<ul>\n<li>das Angebot unserer Tagesst\u00e4tte<\/li>\n<li>durchgehend siebenst\u00fcndige \u00d6ffnungszeiten im Bereich des &#8222;Regelkindergartens&#8220;<\/li>\n<li>Beratung f\u00fcr Eltern, die einen Betreuungsbedarf \u00fcber die \u00d6ffnungszeiten der Einrichtung hinaus haben<\/li>\n<\/ul>\n<\/div><\/div><\/div><div class=\"fusion-panel panel-default panel-4283c0d4548784193 fusion-toggle-no-divider fusion-toggle-boxed-mode\" style=\"--awb-title-color:#153b7c;--awb-content-color:#333333;\"><div class=\"panel-heading\"><h4 class=\"panel-title toggle\" id=\"toggle_4283c0d4548784193\"><a aria-expanded=\"false\" aria-controls=\"4283c0d4548784193\" role=\"button\" data-toggle=\"collapse\" data-parent=\"#accordion-2650-1\" data-target=\"#4283c0d4548784193\" href=\"#4283c0d4548784193\"><span class=\"fusion-toggle-icon-wrapper\" aria-hidden=\"true\"><i class=\"fa-fusion-box active-icon awb-icon-minus\" aria-hidden=\"true\"><\/i><i class=\"fa-fusion-box inactive-icon awb-icon-plus\" aria-hidden=\"true\"><\/i><\/span><span class=\"fusion-toggle-heading\">Email Adresse ARCHE<\/span><\/a><\/h4><\/div><div id=\"4283c0d4548784193\" class=\"panel-collapse collapse \" aria-labelledby=\"toggle_4283c0d4548784193\"><div class=\"panel-body toggle-content fusion-clearfix\">\n<p>Sie erreichen die Mitarbeiter*innen der ARCHE unter folgender Email-Adresse: kita.asselner@ekkdo.de<\/p>\n<\/div><\/div><\/div><\/div><\/div><\/div><\/div><div class=\"fusion-layout-column fusion_builder_column_inner fusion-builder-nested-column-1 fusion_builder_column_inner_1_5 1_5 fusion-flex-column\" style=\"--awb-bg-size:cover;--awb-box-shadow:0px 0px 10px 1px #9e9e9e;;--awb-width-large:20%;--awb-margin-top-large:0px;--awb-spacing-right-large:9.6%;--awb-margin-bottom-large:20px;--awb-spacing-left-large:9.6%;--awb-width-medium:20%;--awb-order-medium:0;--awb-spacing-right-medium:9.6%;--awb-spacing-left-medium:9.6%;--awb-width-small:100%;--awb-order-small:0;--awb-spacing-right-small:1.92%;--awb-spacing-left-small:1.92%;\"><div class=\"fusion-column-wrapper fusion-column-has-shadow fusion-flex-justify-content-flex-start fusion-content-layout-column\"><div class=\"fusion-image-element \" style=\"text-align:center;--awb-caption-title-font-family:var(--h2_typography-font-family);--awb-caption-title-font-weight:var(--h2_typography-font-weight);--awb-caption-title-font-style:var(--h2_typography-font-style);--awb-caption-title-size:var(--h2_typography-font-size);--awb-caption-title-transform:var(--h2_typography-text-transform);--awb-caption-title-line-height:var(--h2_typography-line-height);--awb-caption-title-letter-spacing:var(--h2_typography-letter-spacing);\"><span class=\" fusion-imageframe imageframe-none imageframe-2 hover-type-none\"><img decoding=\"async\" width=\"400\" height=\"250\" title=\"papertexture-2061709_400x250\" src=\"https:\/\/asseln-evangelisch.de\/wp-content\/uploads\/2021\/03\/papertexture-2061709_400x250.png\" alt class=\"img-responsive wp-image-2781\" srcset=\"https:\/\/asseln-evangelisch.de\/wp-content\/uploads\/2021\/03\/papertexture-2061709_400x250-200x125.png 200w, https:\/\/asseln-evangelisch.de\/wp-content\/uploads\/2021\/03\/papertexture-2061709_400x250.png 400w\" sizes=\"(max-width: 640px) 100vw, 200px\" \/><\/span><\/div><div class=\"fusion-text fusion-text-3\"><h5 style=\"text-align: center;\">Termine &amp; Veranstaltungen der ARCHE<\/h5>\n<\/div><div class=\"accordian fusion-accordian\" style=\"--awb-border-size:0px;--awb-icon-size:16px;--awb-content-font-size:14px;--awb-icon-alignment:left;--awb-hover-color:#f9f9fb;--awb-border-color:#e2e2e2;--awb-background-color:#ffffff;--awb-divider-color:#e0dede;--awb-divider-hover-color:#e0dede;--awb-icon-color:#ffffff;--awb-title-color:#153b7c;--awb-content-color:#333333;--awb-icon-box-color:#8a2428;--awb-toggle-hover-accent-color:#560001;--awb-title-font-family:Arial, Helvetica, sans-serif;--awb-title-font-weight:400;--awb-title-font-style:normal;--awb-content-font-family:Arial, Helvetica, sans-serif;--awb-content-font-style:normal;--awb-content-font-weight:400;\"><div class=\"panel-group fusion-toggle-icon-boxed\" id=\"accordion-2650-2\"><div class=\"fusion-panel panel-default panel-2b5518d2f1f53f6a0 fusion-toggle-no-divider fusion-toggle-boxed-mode\" style=\"--awb-title-color:#153b7c;--awb-content-color:#333333;\"><div class=\"panel-heading\"><h4 class=\"panel-title toggle\" id=\"toggle_2b5518d2f1f53f6a0\"><a aria-expanded=\"false\" aria-controls=\"2b5518d2f1f53f6a0\" role=\"button\" data-toggle=\"collapse\" data-parent=\"#accordion-2650-2\" data-target=\"#2b5518d2f1f53f6a0\" href=\"#2b5518d2f1f53f6a0\"><span class=\"fusion-toggle-icon-wrapper\" aria-hidden=\"true\"><i class=\"fa-fusion-box active-icon awb-icon-minus\" aria-hidden=\"true\"><\/i><i class=\"fa-fusion-box inactive-icon awb-icon-plus\" aria-hidden=\"true\"><\/i><\/span><span class=\"fusion-toggle-heading\">Die kleinen Strolche<\/span><\/a><\/h4><\/div><div id=\"2b5518d2f1f53f6a0\" class=\"panel-collapse collapse \" aria-labelledby=\"toggle_2b5518d2f1f53f6a0\"><div class=\"panel-body toggle-content fusion-clearfix\">\n<p>Die \u201eKleinen Strolche\u201c treffen sich montags und dienstags von 16.00-17.00 Uhr. Ansprechpartnerin ist Nadine Althoff beim Evangelischen Bildungswerk: <a href=\"mailto:nadine.althoff@ekkdo.de\">nadine.althoff@ekkdo.de.<\/a><\/p>\n<p>Das Angebot richtet sich an Kinder im zweiten Lebensjahr.<\/p>\n<\/div><\/div><\/div><\/div><\/div><\/div><\/div><div class=\"fusion-layout-column fusion_builder_column_inner fusion-builder-nested-column-2 fusion_builder_column_inner_1_5 1_5 fusion-flex-column\" style=\"--awb-bg-size:cover;--awb-box-shadow:0px 0px 10px 1px #9e9e9e;;--awb-width-large:20%;--awb-margin-top-large:0px;--awb-spacing-right-large:9.6%;--awb-margin-bottom-large:20px;--awb-spacing-left-large:9.6%;--awb-width-medium:20%;--awb-order-medium:0;--awb-spacing-right-medium:9.6%;--awb-spacing-left-medium:9.6%;--awb-width-small:100%;--awb-order-small:0;--awb-spacing-right-small:1.92%;--awb-spacing-left-small:1.92%;\"><div class=\"fusion-column-wrapper fusion-column-has-shadow fusion-flex-justify-content-flex-start fusion-content-layout-column\"><div class=\"fusion-image-element \" style=\"text-align:center;--awb-caption-title-font-family:var(--h2_typography-font-family);--awb-caption-title-font-weight:var(--h2_typography-font-weight);--awb-caption-title-font-style:var(--h2_typography-font-style);--awb-caption-title-size:var(--h2_typography-font-size);--awb-caption-title-transform:var(--h2_typography-text-transform);--awb-caption-title-line-height:var(--h2_typography-line-height);--awb-caption-title-letter-spacing:var(--h2_typography-letter-spacing);\"><span class=\" fusion-imageframe imageframe-none imageframe-3 hover-type-none\"><img decoding=\"async\" width=\"400\" height=\"250\" title=\"Arche-Schild_1_ganz_neu-400&#215;250\" src=\"https:\/\/asseln-evangelisch.de\/wp-content\/uploads\/2021\/03\/Arche-Schild_1_ganz_neu-400x250-1.png\" alt class=\"img-responsive wp-image-2782\" srcset=\"https:\/\/asseln-evangelisch.de\/wp-content\/uploads\/2021\/03\/Arche-Schild_1_ganz_neu-400x250-1-200x125.png 200w, https:\/\/asseln-evangelisch.de\/wp-content\/uploads\/2021\/03\/Arche-Schild_1_ganz_neu-400x250-1.png 400w\" sizes=\"(max-width: 640px) 100vw, 200px\" \/><\/span><\/div><div class=\"fusion-text fusion-text-4\"><h5 style=\"text-align: center;\">Das Konzept der ARCHE<\/h5>\n<\/div><div class=\"accordian fusion-accordian\" style=\"--awb-border-size:0px;--awb-icon-size:16px;--awb-content-font-size:14px;--awb-icon-alignment:left;--awb-hover-color:#f9f9fb;--awb-border-color:#e2e2e2;--awb-background-color:#ffffff;--awb-divider-color:#e0dede;--awb-divider-hover-color:#e0dede;--awb-icon-color:#ffffff;--awb-title-color:#153b7c;--awb-content-color:#333333;--awb-icon-box-color:#8a2428;--awb-toggle-hover-accent-color:#560001;--awb-title-font-family:Arial, Helvetica, sans-serif;--awb-title-font-weight:400;--awb-title-font-style:normal;--awb-content-font-family:Arial, Helvetica, sans-serif;--awb-content-font-style:normal;--awb-content-font-weight:400;\"><div class=\"panel-group fusion-toggle-icon-boxed\" id=\"accordion-2650-3\"><div class=\"fusion-panel panel-default panel-da3072fbf7529dfeb fusion-toggle-no-divider fusion-toggle-boxed-mode\"><div class=\"panel-heading\"><h4 class=\"panel-title toggle\" id=\"toggle_da3072fbf7529dfeb\"><a aria-expanded=\"false\" aria-controls=\"da3072fbf7529dfeb\" role=\"button\" data-toggle=\"collapse\" data-parent=\"#accordion-2650-3\" data-target=\"#da3072fbf7529dfeb\" href=\"#da3072fbf7529dfeb\"><span class=\"fusion-toggle-icon-wrapper\" aria-hidden=\"true\"><i class=\"fa-fusion-box active-icon awb-icon-minus\" aria-hidden=\"true\"><\/i><i class=\"fa-fusion-box inactive-icon awb-icon-plus\" aria-hidden=\"true\"><\/i><\/span><span class=\"fusion-toggle-heading\">Informationen<\/span><\/a><\/h4><\/div><div id=\"da3072fbf7529dfeb\" class=\"panel-collapse collapse \" aria-labelledby=\"toggle_da3072fbf7529dfeb\"><div class=\"panel-body toggle-content fusion-clearfix\">\n<div class=\"ce-bodytext\">\n<p>&#8222;Jedes Kind ist anders &#8211; und jedes Kind braucht anderes&#8220; &#8211; unter diesem Leitsatz begleiten wir in der ARCHE Ihr Kind. Pers\u00f6nlich und individuell, gemeinsam mit den Eltern.<\/p>\n<p>Die ARCHE ist eine <b>evangelische Kindertageseinrichtung<\/b>.<\/p>\n<p>Positive Lernprozesse im Blick auf das Verh\u00e4ltnis zum Anderen, zur Natur, zur Gesellschaft, zur Welt und zum Leben im Ganzen stehen f\u00fcr uns im Mittelpunkt unserer Erziehung.<\/p>\n<p>Die Begegnung mit biblischen Geschichten und wichtigen Traditionen des christlichen Glaubens ist Teil unseres Lebens mit den Kindern.<\/p>\n<p><b><span style=\"font-size: large;\">Was wir wollen &#8211; unsere Ziele<\/span><br \/>\n<\/b><b><br \/>\nKinder, die sich wohlf\u00fchlen<br \/>\n<\/b>Wir gestalten eine offene und lebendige Atmosph\u00e4re. Unsere R\u00e4ume und Angebote orientieren sich an den Bed\u00fcrfnissen Ihres Kindes: Freir\u00e4ume und Geborgenheit, Ruhe und Bewegung, Verl\u00e4sslichkeit und Spontaneit\u00e4t.<\/p>\n<p><b>Kinder, die eine Pers\u00f6nlichkeit entwickeln<br \/>\n<\/b>Wir akzeptieren jedes Kind als eigenst\u00e4ndige Person und unterst\u00fctzen es, Selbstbewusstsein zu entwickeln. Das braucht Raum f\u00fcr die Gef\u00fchle der Kinder und Freir\u00e4ume f\u00fcr selbst\u00e4ndiges Handeln.<\/p>\n<p><b>Kinder, die sozial kompetent sind<\/b><br \/>\nKonflikte auszutragen, Kompromisse zu schlie\u00dfen, sich in andere einzuf\u00fchlen: das will gelernt sein. Daf\u00fcr bietet das Leben in der Gruppe vielf\u00e4ltige M\u00f6glichkeiten. Wir unterst\u00fctzen die Kinder &#8211; ihrer Entwicklung gem\u00e4\u00df, in der Gruppe entstandene Konflikte selbst zu l\u00f6sen.<\/p>\n<p><b>Kinder, die kreativ und lernf\u00e4hig sind<br \/>\n<\/b>Kindgerechte Lernerfahrungen und ganzheitliche F\u00f6rderung stehen f\u00fcr uns im Mittelpunkt. Die kindgem\u00e4\u00dfeste Form des Lernens &#8211; das selbstbildende Freispiel &#8211; genie\u00dft bei uns einen hohen Stellenwert. Vielf\u00e4ltiges, hochwertiges Spielmaterial und ansprechende R\u00e4ume regen das Spielen und Lernen der Kinder gleicherma\u00dfen an.<\/p>\n<p><b>Kinder, die Werte entwickeln<br \/>\n<\/b>Die Mitmenschen, unsere Umwelt, die eigene Gesundheit fr\u00fch in den Blick zu bekommen ist wichtig. Aus einer christlichen Grundhaltung heraus vermitteln wir Werte. Die Achtung vor anderen Menschen, vor anderen Kulturen und Religionen geh\u00f6rt dazu ebenso wie ein umweltgerechtes Verhalten, gesunde Ern\u00e4hrung und pers\u00f6nliche Hygiene.<\/p>\n<p><b>Eltern, die sich unterst\u00fctzt wissen<br \/>\n<\/b>Die Erziehung von Kindern stellt Eltern heute vor gro\u00dfe Aufgaben. Kinder brauchen pers\u00f6nliches Engagement &#8211; und Zeit. Unser umfassendes Bildungs-, Erziehungs- und Betreuungsangebot erg\u00e4nzt die Erziehung in der Familie und erleichtert die Vereinbarkeit von Familie und Beruf.<\/p>\n<p><b><span style=\"font-size: large;\">Wie wir arbeiten &#8211; unser p\u00e4dagogisches Angebot<\/span><\/b><\/p>\n<p>Ein umfassendes Bildungs-, Erziehungs- und Betreuungsangebot setzt die Ziele unserer Einrichtung allt\u00e4glich in die Praxis um. Die Breite unseres Angebots erm\u00f6glicht es dabei, die Bed\u00fcrfnisse und den Entwicklungsstand der Kinder individuell zu ber\u00fccksichtigen. Wo es sinnvoll oder n\u00f6tig ist, erg\u00e4nzen wir unser eigenes Angebot durch die Zusammenarbeit mit Therapeuten und Beratungsstellen.<\/p>\n<p>&lt;\/\/td&gt;&lt;\/\/td&gt;Die p\u00e4dagogische Arbeit in den Gruppen weist eine Vielfalt von Arbeitsweisen und Methoden auf. Wir bieten mehr als Spielen, Malen, Basteln, Singen &#8211; aber eben auch das.<\/p>\n<p>Zu unserem <b>st\u00e4ndigen Angebot <\/b>geh\u00f6ren:<\/p>\n<ul>\n<li>das selbstbildende Freispiel<\/li>\n<li>Projektarbeit<\/li>\n<li>Kleingruppenarbeit<\/li>\n<li>Aktivit\u00e4ten in der Gesamtgruppe<\/li>\n<li>Einzelgespr\u00e4che<\/li>\n<li>Gruppengespr\u00e4che<\/li>\n<li>Feste und Feiern<\/li>\n<li>gemeinschaftliche Raumgestaltung<\/li>\n<\/ul>\n<p>Zu den <b>gruppen\u00fcbergreifenden Angeboten<\/b> z\u00e4hlen <b>daneben<\/b>:<\/p>\n<ul>\n<li>regelm\u00e4\u00dfige gruppen\u00fcbergreifende Aktivit\u00e4ten (musikalische Fr\u00fcherziehung, Spielangebote am Nachmittag etc.)<\/li>\n<li>situationsorientierte Angebote<\/li>\n<li>gruppen\u00fcbergreifende Spielbereiche (Au\u00dfengel\u00e4nde, Turnhalle etc.)<\/li>\n<\/ul>\n<p><b>Kindgerechte Betreuung<br \/>\n<\/b><br \/>\nBei uns k\u00f6nnen Eltern ihre Kinder in guten H\u00e4nden wissen. Im Blick auf eine kindgerechte Betreuung sind f\u00fcr uns selbstverst\u00e4ndlich:<\/p>\n<ul>\n<li>ein p\u00e4dagogisch verantworteter Umgang mit den Kindern<\/li>\n<li>eine ausgewogene Gestaltung des Gruppenlebens und des Tagesablaufs<\/li>\n<li>t\u00e4glich warmes Mittagessen (Tagesst\u00e4tte) und wo n\u00f6tig:<\/li>\n<li>eine fachlich kompetente Erstversorgung bei Verletzung und Krankheit<\/li>\n<\/ul>\n<p><b>Erg\u00e4nzende Angebote <\/b><\/p>\n<p>Den Alltag im Kindergarten unterbrechen und erg\u00e4nzen wir immer wieder durch besondere Angebote. Dazu z\u00e4hlen etwa:<\/p>\n<ul>\n<li>der w\u00f6chentliche Maxi-Treff f\u00fcr die Vorschulkinder<\/li>\n<li>Kurse f\u00fcr &#8222;Ersthelfer von Morgen&#8220;<\/li>\n<li><\/li>\n<li>Aktivit\u00e4ten au\u00dfer Haus (Ausfl\u00fcge, Besichtigungen, Wald- und Zooprojekte etc.)<\/li>\n<li>gemeinsame Aktivit\u00e4ten f\u00fcr Eltern und Kinder (Familienwochenenden, Aktionstage etc.)<\/li>\n<\/ul>\n<p><b>Spezielle F\u00f6rderung <\/b><\/p>\n<p>&#8222;Jedes Kind ist anders &#8211; und jedes Kind braucht anderes&#8220;: In unserer Einrichtung werden Kinder ihrem Bedarf entsprechend speziell gef\u00f6rdert &#8211; z.B. durch folgende Angebote:<\/p>\n<ul>\n<li>Sprachtherapie<\/li>\n<li>Mototherapie<\/li>\n<li>Fr\u00fcherkennung von Hinweisen auf Lese- und Rechtschreibschw\u00e4che (LRS)<\/li>\n<li>Sprachf\u00f6rderung im Rahmen von Delfin4 -Konlab-<\/li>\n<li>heilp\u00e4dagogische F\u00f6rderung<\/li>\n<\/ul>\n<\/div>\n<\/div><\/div><\/div><div class=\"fusion-panel panel-default panel-4d99eb53ef19f3dcb fusion-toggle-no-divider fusion-toggle-boxed-mode\"><div class=\"panel-heading\"><h4 class=\"panel-title toggle\" id=\"toggle_4d99eb53ef19f3dcb\"><a aria-expanded=\"false\" aria-controls=\"4d99eb53ef19f3dcb\" role=\"button\" data-toggle=\"collapse\" data-parent=\"#accordion-2650-3\" data-target=\"#4d99eb53ef19f3dcb\" href=\"#4d99eb53ef19f3dcb\"><span class=\"fusion-toggle-icon-wrapper\" aria-hidden=\"true\"><i class=\"fa-fusion-box active-icon awb-icon-minus\" aria-hidden=\"true\"><\/i><i class=\"fa-fusion-box inactive-icon awb-icon-plus\" aria-hidden=\"true\"><\/i><\/span><span class=\"fusion-toggle-heading\">F\u00fcr Eltern <\/span><\/a><\/h4><\/div><div id=\"4d99eb53ef19f3dcb\" class=\"panel-collapse collapse \" aria-labelledby=\"toggle_4d99eb53ef19f3dcb\"><div class=\"panel-body toggle-content fusion-clearfix\">\n<p>Bei uns sollen Eltern wissen, was mit ihren Kindern geschieht. Eltern zu informieren, unsere p\u00e4dagogische Arbeit transparent zu machen, geh\u00f6rt hier zu den Selbstverst\u00e4ndlichkeiten.<\/p>\n<p>Zahlreiche Gespr\u00e4chsangebote erm\u00f6glichen und f\u00f6rdern den Austausch zwischen den p\u00e4dagogischen Mitarbeiterinnen und den Eltern. Den Erziehungsprozess betrachten wir dabei von vornherein als gemeinsame Aufgabe.<\/p>\n<p>Dar\u00fcber hinaus laden wir Eltern ausdr\u00fccklich ein mitzuwirken, Verantwortung zu \u00fcbernehmen und den Alltag unserer Einrichtung aktiv mitzugestalten, z. B. \u00fcber den <b>F\u00f6rderverein<\/b>.<\/p>\n<p><b>Angebote f\u00fcr Eltern <\/b><br \/>\nWir suchen und f\u00f6rdern das Gespr\u00e4ch mit den Eltern &#8211; auf vielf\u00e4ltige Weise.<\/p>\n<p>Zu den Angeboten f\u00fcr Eltern z\u00e4hlen unter anderem:<\/p>\n<ul>\n<li><b>Elterngespr\u00e4che <\/b>(allt\u00e4gliche T\u00fcr- und Angelgespr\u00e4che,\u00a0 Entwicklungsgespr\u00e4che, Problemgespr\u00e4che, Elternsprechtage)<\/li>\n<li><b>Elterninformationen <\/b>(Aush\u00e4nge, Elternbriefe )<\/li>\n<li><b>Elternnachmittage <\/b>(auf Gruppenebene oder \u00fcbergreifend zu besonderen Themen, Vortr\u00e4gen etc.)<\/li>\n<li><b>Elternabende <\/b>(Bruzzelparty, Wahlparty, Gesamtelternabende)<\/li>\n<li><b>Offene Elternangebote <\/b>(Elterncaf\u00e9)<\/li>\n<li><b>Hospitationen <\/b><\/li>\n<\/ul>\n<p><b>Elternmitsprache<br \/>\n<\/b>Aktive Mitsprache der Eltern ist uns wichtig &#8211; um der Kinder willen. In unserer Einrichtung findet diese Mitsprache und Mitwirkung vor allem auf folgenden Wegen statt:<\/p>\n<ul>\n<li>Elternrat<\/li>\n<li>&#8222;Rat der Kindertageseinrichtung&#8220;<\/li>\n<li>M\u00fctterstammtisch<\/li>\n<li>V\u00e4tertreff<\/li>\n<li>F\u00f6rderverein<\/li>\n<\/ul>\n<\/div><\/div><\/div><\/div><\/div><\/div><\/div><div class=\"fusion-layout-column fusion_builder_column_inner fusion-builder-nested-column-3 fusion_builder_column_inner_1_5 1_5 fusion-flex-column\" style=\"--awb-bg-size:cover;--awb-box-shadow:0px 0px 10px 1px #9e9e9e;;--awb-width-large:20%;--awb-margin-top-large:0px;--awb-spacing-right-large:9.6%;--awb-margin-bottom-large:20px;--awb-spacing-left-large:9.6%;--awb-width-medium:20%;--awb-order-medium:0;--awb-spacing-right-medium:9.6%;--awb-spacing-left-medium:9.6%;--awb-width-small:100%;--awb-order-small:0;--awb-spacing-right-small:1.92%;--awb-spacing-left-small:1.92%;\"><div class=\"fusion-column-wrapper fusion-column-has-shadow fusion-flex-justify-content-flex-start fusion-content-layout-column\"><div class=\"fusion-image-element \" style=\"text-align:center;--awb-caption-title-font-family:var(--h2_typography-font-family);--awb-caption-title-font-weight:var(--h2_typography-font-weight);--awb-caption-title-font-style:var(--h2_typography-font-style);--awb-caption-title-size:var(--h2_typography-font-size);--awb-caption-title-transform:var(--h2_typography-text-transform);--awb-caption-title-line-height:var(--h2_typography-line-height);--awb-caption-title-letter-spacing:var(--h2_typography-letter-spacing);\"><span class=\" fusion-imageframe imageframe-none imageframe-4 hover-type-none\"><img decoding=\"async\" width=\"400\" height=\"250\" title=\"waffles-5313640_400x250\" src=\"https:\/\/asseln-evangelisch.de\/wp-content\/uploads\/2021\/03\/waffles-5313640_400x250.png\" alt class=\"img-responsive wp-image-2783\" srcset=\"https:\/\/asseln-evangelisch.de\/wp-content\/uploads\/2021\/03\/waffles-5313640_400x250-200x125.png 200w, https:\/\/asseln-evangelisch.de\/wp-content\/uploads\/2021\/03\/waffles-5313640_400x250.png 400w\" sizes=\"(max-width: 640px) 100vw, 200px\" \/><\/span><\/div><div class=\"fusion-text fusion-text-5\"><h5 style=\"text-align: center;\">Caf\u00e9 Kr\u00fcmel: Ein Treffpunkt f\u00fcr alle Generationen<\/h5>\n<\/div><div class=\"accordian fusion-accordian\" style=\"--awb-border-size:0px;--awb-icon-size:16px;--awb-content-font-size:14px;--awb-icon-alignment:left;--awb-hover-color:#f9f9fb;--awb-border-color:#ffffff;--awb-background-color:#ffffff;--awb-divider-color:#e0dede;--awb-divider-hover-color:#e0dede;--awb-icon-color:#ffffff;--awb-title-color:#153b7c;--awb-content-color:#333333;--awb-icon-box-color:#8a2428;--awb-toggle-hover-accent-color:#560001;--awb-title-font-family:Arial, Helvetica, sans-serif;--awb-title-font-weight:400;--awb-title-font-style:normal;--awb-content-font-family:Arial, Helvetica, sans-serif;--awb-content-font-style:normal;--awb-content-font-weight:400;\"><div class=\"panel-group fusion-toggle-icon-boxed\" id=\"accordion-2650-4\"><div class=\"fusion-panel panel-default panel-22c4c30a5fde5f24d fusion-toggle-no-divider fusion-toggle-boxed-mode\"><div class=\"panel-heading\"><h4 class=\"panel-title toggle\" id=\"toggle_22c4c30a5fde5f24d\"><a aria-expanded=\"false\" aria-controls=\"22c4c30a5fde5f24d\" role=\"button\" data-toggle=\"collapse\" data-parent=\"#accordion-2650-4\" data-target=\"#22c4c30a5fde5f24d\" href=\"#22c4c30a5fde5f24d\"><span class=\"fusion-toggle-icon-wrapper\" aria-hidden=\"true\"><i class=\"fa-fusion-box active-icon awb-icon-minus\" aria-hidden=\"true\"><\/i><i class=\"fa-fusion-box inactive-icon awb-icon-plus\" aria-hidden=\"true\"><\/i><\/span><span class=\"fusion-toggle-heading\">Information <\/span><\/a><\/h4><\/div><div id=\"22c4c30a5fde5f24d\" class=\"panel-collapse collapse \" aria-labelledby=\"toggle_22c4c30a5fde5f24d\"><div class=\"panel-body toggle-content fusion-clearfix\">\n<p>Das Caf\u00e9 Kr\u00fcmel ist ein offener Treffpunkt f\u00fcr Familien aus der ARCHE wie f\u00fcr Kinder, Erwachsene und Senioren aus der ganzen Gemeinde und ganz Asseln.<\/p>\n<\/div><\/div><\/div><div class=\"fusion-panel panel-default panel-4429d4d4f826379a8 fusion-toggle-no-divider fusion-toggle-boxed-mode\" style=\"--awb-title-color:#153b7c;--awb-content-color:#333333;\"><div class=\"panel-heading\"><h4 class=\"panel-title toggle\" id=\"toggle_4429d4d4f826379a8\"><a aria-expanded=\"false\" aria-controls=\"4429d4d4f826379a8\" role=\"button\" data-toggle=\"collapse\" data-parent=\"#accordion-2650-4\" data-target=\"#4429d4d4f826379a8\" href=\"#4429d4d4f826379a8\"><span class=\"fusion-toggle-icon-wrapper\" aria-hidden=\"true\"><i class=\"fa-fusion-box active-icon awb-icon-minus\" aria-hidden=\"true\"><\/i><i class=\"fa-fusion-box inactive-icon awb-icon-plus\" aria-hidden=\"true\"><\/i><\/span><span class=\"fusion-toggle-heading\">Termine &amp; Veranstaltungsort<\/span><\/a><\/h4><\/div><div id=\"4429d4d4f826379a8\" class=\"panel-collapse collapse \" aria-labelledby=\"toggle_4429d4d4f826379a8\"><div class=\"panel-body toggle-content fusion-clearfix\">\n<p>Drau\u00dfen im Rondell am Ev. Familienzentrum ARCHE findet einmal im Monat von 13.30-15.45 Uhr <em><strong>Caf\u00e9 Kr\u00fcmel- TO GO<\/strong><\/em> statt.<br \/>\nDas hei\u00dft ihr k\u00f6nnt dort frische Waffeln, Kuchen und\/oder Muffins kaufen um euch zu Hause, bei Oma &amp; Opa oder bei Freunden eine gem\u00fctliche Kaffeerunde zu machen. Achtung:\u00a0Bei Regen und K\u00e4lte in der ARCHE!!!<br \/>\n15. Januar<br \/>\n26. Februar<br \/>\n12. M\u00e4rz<br \/>\n2. April<br \/>\n7. Mai<br \/>\n4. Juni<br \/>\n2. Juli<br \/>\n27. August<br \/>\n10. September<br \/>\n8. Oktober<br \/>\n5. November<\/p>\n<\/div><\/div><\/div><div class=\"fusion-panel panel-default panel-10a6d8f9669120f8a fusion-toggle-no-divider fusion-toggle-boxed-mode\" style=\"--awb-title-color:#153b7c;--awb-content-color:#333333;\"><div class=\"panel-heading\"><h4 class=\"panel-title toggle\" id=\"toggle_10a6d8f9669120f8a\"><a aria-expanded=\"false\" aria-controls=\"10a6d8f9669120f8a\" role=\"button\" data-toggle=\"collapse\" data-parent=\"#accordion-2650-4\" data-target=\"#10a6d8f9669120f8a\" href=\"#10a6d8f9669120f8a\"><span class=\"fusion-toggle-icon-wrapper\" aria-hidden=\"true\"><i class=\"fa-fusion-box active-icon awb-icon-minus\" aria-hidden=\"true\"><\/i><i class=\"fa-fusion-box inactive-icon awb-icon-plus\" aria-hidden=\"true\"><\/i><\/span><span class=\"fusion-toggle-heading\">Kontakt<\/span><\/a><\/h4><\/div><div id=\"10a6d8f9669120f8a\" class=\"panel-collapse collapse \" aria-labelledby=\"toggle_10a6d8f9669120f8a\"><div class=\"panel-body toggle-content fusion-clearfix\">\n<p>Mehr Informationen \u00fcber das Familienzentrum ARCHE <strong>0231-53230744<\/strong><\/p>\n<\/div><\/div><\/div><\/div><\/div><\/div><\/div><div class=\"fusion-layout-column fusion_builder_column_inner fusion-builder-nested-column-4 fusion_builder_column_inner_1_5 1_5 fusion-flex-column\" style=\"--awb-bg-size:cover;--awb-box-shadow:0px 0px 10px 1px #9e9e9e;;--awb-width-large:20%;--awb-margin-top-large:0px;--awb-spacing-right-large:9.6%;--awb-margin-bottom-large:20px;--awb-spacing-left-large:9.6%;--awb-width-medium:20%;--awb-order-medium:0;--awb-spacing-right-medium:9.6%;--awb-spacing-left-medium:9.6%;--awb-width-small:100%;--awb-order-small:0;--awb-spacing-right-small:1.92%;--awb-spacing-left-small:1.92%;\"><div class=\"fusion-column-wrapper fusion-column-has-shadow fusion-flex-justify-content-flex-start fusion-content-layout-column\"><div class=\"fusion-image-element \" style=\"text-align:center;--awb-caption-title-font-family:var(--h2_typography-font-family);--awb-caption-title-font-weight:var(--h2_typography-font-weight);--awb-caption-title-font-style:var(--h2_typography-font-style);--awb-caption-title-size:var(--h2_typography-font-size);--awb-caption-title-transform:var(--h2_typography-text-transform);--awb-caption-title-line-height:var(--h2_typography-line-height);--awb-caption-title-letter-spacing:var(--h2_typography-letter-spacing);\"><span class=\" fusion-imageframe imageframe-none imageframe-5 hover-type-none\"><img decoding=\"async\" width=\"300\" height=\"230\" title=\"F10\" src=\"https:\/\/asseln-evangelisch.de\/wp-content\/uploads\/2024\/03\/F10-300x230.jpg\" alt class=\"img-responsive wp-image-4380\" srcset=\"https:\/\/asseln-evangelisch.de\/wp-content\/uploads\/2024\/03\/F10-200x153.jpg 200w, https:\/\/asseln-evangelisch.de\/wp-content\/uploads\/2024\/03\/F10-400x307.jpg 400w, https:\/\/asseln-evangelisch.de\/wp-content\/uploads\/2024\/03\/F10-600x460.jpg 600w, https:\/\/asseln-evangelisch.de\/wp-content\/uploads\/2024\/03\/F10.jpg 760w\" sizes=\"(max-width: 640px) 100vw, 200px\" \/><\/span><\/div><div class=\"fusion-text fusion-text-6\"><h5 style=\"text-align: center;\">Eltern-Kind-Gruppen:<\/h5>\n<h5 style=\"text-align: center;\">mit Kindern Spielen &#8211; Kontakte aufbauen<\/h5>\n<\/div><div class=\"accordian fusion-accordian\" style=\"--awb-border-size:0px;--awb-icon-size:16px;--awb-content-font-size:14px;--awb-icon-alignment:left;--awb-hover-color:#f9f9fb;--awb-border-color:#ffffff;--awb-background-color:#ffffff;--awb-divider-color:#e0dede;--awb-divider-hover-color:#e0dede;--awb-icon-color:#ffffff;--awb-title-color:#153b7c;--awb-content-color:#333333;--awb-icon-box-color:#8a2428;--awb-toggle-hover-accent-color:#560001;--awb-title-font-family:Arial, Helvetica, sans-serif;--awb-title-font-weight:400;--awb-title-font-style:normal;--awb-content-font-family:Arial, Helvetica, sans-serif;--awb-content-font-style:normal;--awb-content-font-weight:400;\"><div class=\"panel-group fusion-toggle-icon-boxed\" id=\"accordion-2650-5\"><div class=\"fusion-panel panel-default panel-dad9a2e4a3eb91dcb fusion-toggle-no-divider fusion-toggle-boxed-mode\" style=\"--awb-title-color:#153b7c;--awb-content-color:#333333;\"><div class=\"panel-heading\"><h4 class=\"panel-title toggle\" id=\"toggle_dad9a2e4a3eb91dcb\"><a aria-expanded=\"false\" aria-controls=\"dad9a2e4a3eb91dcb\" role=\"button\" data-toggle=\"collapse\" data-parent=\"#accordion-2650-5\" data-target=\"#dad9a2e4a3eb91dcb\" href=\"#dad9a2e4a3eb91dcb\"><span class=\"fusion-toggle-icon-wrapper\" aria-hidden=\"true\"><i class=\"fa-fusion-box active-icon awb-icon-minus\" aria-hidden=\"true\"><\/i><i class=\"fa-fusion-box inactive-icon awb-icon-plus\" aria-hidden=\"true\"><\/i><\/span><span class=\"fusion-toggle-heading\">Information <\/span><\/a><\/h4><\/div><div id=\"dad9a2e4a3eb91dcb\" class=\"panel-collapse collapse \" aria-labelledby=\"toggle_dad9a2e4a3eb91dcb\"><div class=\"panel-body toggle-content fusion-clearfix\">\n<h2>Eltern-Kind-Gruppen<\/h2>\n<div class=\"col-8_md-7_sm-12\">\n<div id=\"c255\" class=\"frame frame-default frame-type-text frame-layout-0\">\n<p><b>Mit Kindern spielen &#8211; Kontakte aufbauen<\/b><\/p>\n<p>In zwei m\u00f6glichst altershomogen zusammengesetzten Gruppen treffen sich jeweils acht bis zehn Familien mit Kindern ab 8 Monaten einmal in der Woche f\u00fcr zwei Stunden, um gemeinsam zu spielen, sich \u00fcber unterschiedliche Fragen des Lebens auszutauschen und Spa\u00df zu haben. Die Gruppen werden von einer erfahrenen Kraft geleitet.<\/p>\n<p>\u00dcber die w\u00f6chentlichen Treffen hinaus finden regelm\u00e4\u00dfig Abende mit den Erwachsenen statt und Aktivit\u00e4ten, zu denen die ganze Familie eingeladen wird, wie z.B. Laternenfest, oder ein Familienwochenende au\u00dferhalb von Dortmund.<\/p>\n<\/div>\n<\/div>\n<\/div><\/div><\/div><div class=\"fusion-panel panel-default panel-47e6d2f4ec705615f fusion-toggle-no-divider fusion-toggle-boxed-mode\" style=\"--awb-title-color:#153b7c;--awb-content-color:#333333;\"><div class=\"panel-heading\"><h4 class=\"panel-title toggle\" id=\"toggle_47e6d2f4ec705615f\"><a aria-expanded=\"false\" aria-controls=\"47e6d2f4ec705615f\" role=\"button\" data-toggle=\"collapse\" data-parent=\"#accordion-2650-5\" data-target=\"#47e6d2f4ec705615f\" href=\"#47e6d2f4ec705615f\"><span class=\"fusion-toggle-icon-wrapper\" aria-hidden=\"true\"><i class=\"fa-fusion-box active-icon awb-icon-minus\" aria-hidden=\"true\"><\/i><i class=\"fa-fusion-box inactive-icon awb-icon-plus\" aria-hidden=\"true\"><\/i><\/span><span class=\"fusion-toggle-heading\">Termine &amp; Veranstaltungsort<\/span><\/a><\/h4><\/div><div id=\"47e6d2f4ec705615f\" class=\"panel-collapse collapse \" aria-labelledby=\"toggle_47e6d2f4ec705615f\"><div class=\"panel-body toggle-content fusion-clearfix\">\n<p>Ev. Gemeindehaus, Asselner Hellweg 161 (Bastelraum)<br \/>\ndienstags von 9.00-11.15 Uhr<\/p>\n<\/div><\/div><\/div><div class=\"fusion-panel panel-default panel-29959f39ad8d256e4 fusion-toggle-no-divider fusion-toggle-boxed-mode\" style=\"--awb-title-color:#153b7c;--awb-content-color:#333333;\"><div class=\"panel-heading\"><h4 class=\"panel-title toggle\" id=\"toggle_29959f39ad8d256e4\"><a aria-expanded=\"false\" aria-controls=\"29959f39ad8d256e4\" role=\"button\" data-toggle=\"collapse\" data-parent=\"#accordion-2650-5\" data-target=\"#29959f39ad8d256e4\" href=\"#29959f39ad8d256e4\"><span class=\"fusion-toggle-icon-wrapper\" aria-hidden=\"true\"><i class=\"fa-fusion-box active-icon awb-icon-minus\" aria-hidden=\"true\"><\/i><i class=\"fa-fusion-box inactive-icon awb-icon-plus\" aria-hidden=\"true\"><\/i><\/span><span class=\"fusion-toggle-heading\">Kontakt<\/span><\/a><\/h4><\/div><div id=\"29959f39ad8d256e4\" class=\"panel-collapse collapse \" aria-labelledby=\"toggle_29959f39ad8d256e4\"><div class=\"panel-body toggle-content fusion-clearfix\">\n<p>Heidrun Polenz (0231-279771)<br \/>\nEv. Gemeindeb\u00fcro (0231-270530)<\/p>\n<\/div><\/div><\/div><\/div><\/div><\/div><\/div><\/div><\/div><\/div><\/div><\/div><div class=\"fusion-fullwidth fullwidth-box fusion-builder-row-2 fusion-flex-container nonhundred-percent-fullwidth non-hundred-percent-height-scrolling\" style=\"--awb-border-radius-top-left:0px;--awb-border-radius-top-right:0px;--awb-border-radius-bottom-right:0px;--awb-border-radius-bottom-left:0px;--awb-margin-top:80px;--awb-flex-wrap:wrap;\" ><div class=\"fusion-builder-row fusion-row fusion-flex-align-items-flex-start fusion-flex-content-wrap\" style=\"max-width:1248px;margin-left: calc(-4% \/ 2 );margin-right: calc(-4% \/ 2 );\"><\/div><\/div><\/p>\n","protected":false},"excerpt":{"rendered":"","protected":false},"author":2,"featured_media":0,"parent":0,"menu_order":0,"comment_status":"closed","ping_status":"closed","template":"","meta":{"footnotes":""},"class_list":["post-2650","page","type-page","status-publish","hentry"],"yoast_head":"<!-- This site is optimized with the Yoast SEO plugin v27.3 - https:\/\/yoast.com\/product\/yoast-seo-wordpress\/ -->\n<title>F\u00fcr Familien - Gemeinde Asseln<\/title>\n<meta name=\"robots\" content=\"index, follow, max-snippet:-1, max-image-preview:large, max-video-preview:-1\" \/>\n<link rel=\"canonical\" href=\"https:\/\/asseln-evangelisch.de\/index.php\/fuer-familien\/\" \/>\n<meta property=\"og:locale\" content=\"de_DE\" \/>\n<meta property=\"og:type\" content=\"article\" \/>\n<meta property=\"og:title\" content=\"F\u00fcr Familien - Gemeinde Asseln\" \/>\n<meta property=\"og:url\" content=\"https:\/\/asseln-evangelisch.de\/index.php\/fuer-familien\/\" \/>\n<meta property=\"og:site_name\" content=\"Gemeinde Asseln\" \/>\n<meta property=\"article:modified_time\" content=\"2025-11-09T14:05:33+00:00\" \/>\n<meta name=\"twitter:card\" content=\"summary_large_image\" \/>\n<meta name=\"twitter:label1\" content=\"Gesch\u00e4tzte Lesezeit\" \/>\n\t<meta name=\"twitter:data1\" content=\"10\u00a0Minuten\" \/>\n<script type=\"application\/ld+json\" class=\"yoast-schema-graph\">{\"@context\":\"https:\\\/\\\/schema.org\",\"@graph\":[{\"@type\":\"WebPage\",\"@id\":\"https:\\\/\\\/asseln-evangelisch.de\\\/index.php\\\/fuer-familien\\\/\",\"url\":\"https:\\\/\\\/asseln-evangelisch.de\\\/index.php\\\/fuer-familien\\\/\",\"name\":\"F\u00fcr Familien - Gemeinde Asseln\",\"isPartOf\":{\"@id\":\"https:\\\/\\\/asseln-evangelisch.de\\\/#website\"},\"datePublished\":\"2021-03-14T16:41:02+00:00\",\"dateModified\":\"2025-11-09T14:05:33+00:00\",\"breadcrumb\":{\"@id\":\"https:\\\/\\\/asseln-evangelisch.de\\\/index.php\\\/fuer-familien\\\/#breadcrumb\"},\"inLanguage\":\"de\",\"potentialAction\":[{\"@type\":\"ReadAction\",\"target\":[\"https:\\\/\\\/asseln-evangelisch.de\\\/index.php\\\/fuer-familien\\\/\"]}]},{\"@type\":\"BreadcrumbList\",\"@id\":\"https:\\\/\\\/asseln-evangelisch.de\\\/index.php\\\/fuer-familien\\\/#breadcrumb\",\"itemListElement\":[{\"@type\":\"ListItem\",\"position\":1,\"name\":\"Startseite\",\"item\":\"https:\\\/\\\/asseln-evangelisch.de\\\/\"},{\"@type\":\"ListItem\",\"position\":2,\"name\":\"F\u00fcr Familien\"}]},{\"@type\":\"WebSite\",\"@id\":\"https:\\\/\\\/asseln-evangelisch.de\\\/#website\",\"url\":\"https:\\\/\\\/asseln-evangelisch.de\\\/\",\"name\":\"Gemeinde Asseln\",\"description\":\"Ev.-Luth. Kirchengemeinde Asseln\",\"potentialAction\":[{\"@type\":\"SearchAction\",\"target\":{\"@type\":\"EntryPoint\",\"urlTemplate\":\"https:\\\/\\\/asseln-evangelisch.de\\\/?s={search_term_string}\"},\"query-input\":{\"@type\":\"PropertyValueSpecification\",\"valueRequired\":true,\"valueName\":\"search_term_string\"}}],\"inLanguage\":\"de\"}]}<\/script>\n<!-- \/ Yoast SEO plugin. -->","yoast_head_json":{"title":"F\u00fcr Familien - Gemeinde Asseln","robots":{"index":"index","follow":"follow","max-snippet":"max-snippet:-1","max-image-preview":"max-image-preview:large","max-video-preview":"max-video-preview:-1"},"canonical":"https:\/\/asseln-evangelisch.de\/index.php\/fuer-familien\/","og_locale":"de_DE","og_type":"article","og_title":"F\u00fcr Familien - Gemeinde Asseln","og_url":"https:\/\/asseln-evangelisch.de\/index.php\/fuer-familien\/","og_site_name":"Gemeinde Asseln","article_modified_time":"2025-11-09T14:05:33+00:00","twitter_card":"summary_large_image","twitter_misc":{"Gesch\u00e4tzte Lesezeit":"10\u00a0Minuten"},"schema":{"@context":"https:\/\/schema.org","@graph":[{"@type":"WebPage","@id":"https:\/\/asseln-evangelisch.de\/index.php\/fuer-familien\/","url":"https:\/\/asseln-evangelisch.de\/index.php\/fuer-familien\/","name":"F\u00fcr Familien - Gemeinde Asseln","isPartOf":{"@id":"https:\/\/asseln-evangelisch.de\/#website"},"datePublished":"2021-03-14T16:41:02+00:00","dateModified":"2025-11-09T14:05:33+00:00","breadcrumb":{"@id":"https:\/\/asseln-evangelisch.de\/index.php\/fuer-familien\/#breadcrumb"},"inLanguage":"de","potentialAction":[{"@type":"ReadAction","target":["https:\/\/asseln-evangelisch.de\/index.php\/fuer-familien\/"]}]},{"@type":"BreadcrumbList","@id":"https:\/\/asseln-evangelisch.de\/index.php\/fuer-familien\/#breadcrumb","itemListElement":[{"@type":"ListItem","position":1,"name":"Startseite","item":"https:\/\/asseln-evangelisch.de\/"},{"@type":"ListItem","position":2,"name":"F\u00fcr Familien"}]},{"@type":"WebSite","@id":"https:\/\/asseln-evangelisch.de\/#website","url":"https:\/\/asseln-evangelisch.de\/","name":"Gemeinde Asseln","description":"Ev.-Luth. Kirchengemeinde Asseln","potentialAction":[{"@type":"SearchAction","target":{"@type":"EntryPoint","urlTemplate":"https:\/\/asseln-evangelisch.de\/?s={search_term_string}"},"query-input":{"@type":"PropertyValueSpecification","valueRequired":true,"valueName":"search_term_string"}}],"inLanguage":"de"}]}},"_links":{"self":[{"href":"https:\/\/asseln-evangelisch.de\/index.php\/wp-json\/wp\/v2\/pages\/2650","targetHints":{"allow":["GET"]}}],"collection":[{"href":"https:\/\/asseln-evangelisch.de\/index.php\/wp-json\/wp\/v2\/pages"}],"about":[{"href":"https:\/\/asseln-evangelisch.de\/index.php\/wp-json\/wp\/v2\/types\/page"}],"author":[{"embeddable":true,"href":"https:\/\/asseln-evangelisch.de\/index.php\/wp-json\/wp\/v2\/users\/2"}],"replies":[{"embeddable":true,"href":"https:\/\/asseln-evangelisch.de\/index.php\/wp-json\/wp\/v2\/comments?post=2650"}],"version-history":[{"count":12,"href":"https:\/\/asseln-evangelisch.de\/index.php\/wp-json\/wp\/v2\/pages\/2650\/revisions"}],"predecessor-version":[{"id":5512,"href":"https:\/\/asseln-evangelisch.de\/index.php\/wp-json\/wp\/v2\/pages\/2650\/revisions\/5512"}],"wp:attachment":[{"href":"https:\/\/asseln-evangelisch.de\/index.php\/wp-json\/wp\/v2\/media?parent=2650"}],"curies":[{"name":"wp","href":"https:\/\/api.w.org\/{rel}","templated":true}]}}