{"id":2684,"date":"2021-03-13T14:03:52","date_gmt":"2021-03-13T14:03:52","guid":{"rendered":"https:\/\/asseln-evangelisch.de\/?page_id=2684"},"modified":"2026-03-23T20:00:26","modified_gmt":"2026-03-23T19:00:26","slug":"gemeinde-buechherei-weltladen","status":"publish","type":"page","link":"https:\/\/asseln-evangelisch.de\/index.php\/gemeinde-buechherei-weltladen\/","title":{"rendered":"Gemeindeb\u00fcro, B\u00fccherei"},"content":{"rendered":"<div class=\"fusion-fullwidth fullwidth-box fusion-builder-row-1 fusion-flex-container nonhundred-percent-fullwidth non-hundred-percent-height-scrolling\" style=\"--awb-border-radius-top-left:0px;--awb-border-radius-top-right:0px;--awb-border-radius-bottom-right:0px;--awb-border-radius-bottom-left:0px;--awb-flex-wrap:wrap;\" ><div class=\"fusion-builder-row fusion-row fusion-flex-align-items-flex-start fusion-flex-content-wrap\" style=\"max-width:1248px;margin-left: calc(-4% \/ 2 );margin-right: calc(-4% \/ 2 );\"><div class=\"fusion-layout-column fusion_builder_column fusion-builder-column-0 fusion_builder_column_1_1 1_1 fusion-flex-column\" style=\"--awb-bg-size:cover;--awb-width-large:100%;--awb-margin-top-large:0px;--awb-spacing-right-large:1.92%;--awb-margin-bottom-large:20px;--awb-spacing-left-large:1.92%;--awb-width-medium:100%;--awb-order-medium:0;--awb-spacing-right-medium:1.92%;--awb-spacing-left-medium:1.92%;--awb-width-small:100%;--awb-order-small:0;--awb-spacing-right-small:1.92%;--awb-spacing-left-small:1.92%;\"><div class=\"fusion-column-wrapper fusion-column-has-shadow fusion-flex-justify-content-flex-start fusion-content-layout-column\"><div class=\"fusion-text fusion-text-1\"><h1>Gemeindeb\u00fcro, Friedhof, B\u00fccherei&#8230;.<\/h1>\n<h2>Unsere Services f\u00fcr Sie<\/h2>\n<p>Erfahren Sie mehr zu den \u00d6ffnungszeiten des Gemeindeb\u00fcros und der B\u00fccherei bzw. des Friedhofs.<\/p>\n<\/div><div class=\"fusion-separator fusion-full-width-sep\" style=\"align-self: center;margin-left: auto;margin-right: auto;margin-top:30px;width:100%;\"><\/div><div class=\"fusion-builder-row fusion-builder-row-inner fusion-row fusion-flex-align-items-flex-start fusion-flex-content-wrap\" style=\"--awb-flex-grow:0;--awb-flex-grow-medium:0;--awb-flex-grow-small:0;--awb-flex-shrink:0;--awb-flex-shrink-medium:0;--awb-flex-shrink-small:0;width:104% !important;max-width:104% !important;margin-left: calc(-4% \/ 2 );margin-right: calc(-4% \/ 2 );\"><div class=\"fusion-layout-column fusion_builder_column_inner fusion-builder-nested-column-0 fusion_builder_column_inner_1_4 1_4 fusion-flex-column\" style=\"--awb-bg-size:cover;--awb-box-shadow:0px 0px 10px 1px #9e9e9e;;--awb-width-large:25%;--awb-margin-top-large:0px;--awb-spacing-right-large:7.68%;--awb-margin-bottom-large:20px;--awb-spacing-left-large:7.68%;--awb-width-medium:25%;--awb-order-medium:0;--awb-spacing-right-medium:7.68%;--awb-spacing-left-medium:7.68%;--awb-width-small:100%;--awb-order-small:0;--awb-spacing-right-small:1.92%;--awb-spacing-left-small:1.92%;\"><div class=\"fusion-column-wrapper fusion-column-has-shadow fusion-flex-justify-content-flex-start fusion-content-layout-column\"><div class=\"fusion-image-element \" style=\"text-align:center;--awb-caption-title-font-family:var(--h2_typography-font-family);--awb-caption-title-font-weight:var(--h2_typography-font-weight);--awb-caption-title-font-style:var(--h2_typography-font-style);--awb-caption-title-size:var(--h2_typography-font-size);--awb-caption-title-transform:var(--h2_typography-text-transform);--awb-caption-title-line-height:var(--h2_typography-line-height);--awb-caption-title-letter-spacing:var(--h2_typography-letter-spacing);\"><span class=\" fusion-imageframe imageframe-none imageframe-1 hover-type-none\"><img decoding=\"async\" width=\"300\" height=\"225\" title=\"20180422_113238_Buechereigebaeude_2_HA_klein\" src=\"https:\/\/asseln-evangelisch.de\/wp-content\/uploads\/2021\/03\/20180422_113238_Buechereigebaeude_2_HA_klein-300x225.jpg\" alt class=\"img-responsive wp-image-2685\" srcset=\"https:\/\/asseln-evangelisch.de\/wp-content\/uploads\/2021\/03\/20180422_113238_Buechereigebaeude_2_HA_klein-200x150.jpg 200w, https:\/\/asseln-evangelisch.de\/wp-content\/uploads\/2021\/03\/20180422_113238_Buechereigebaeude_2_HA_klein.jpg 400w\" sizes=\"(max-width: 640px) 100vw, 300px\" \/><\/span><\/div><div class=\"fusion-text fusion-text-2\"><h5 style=\"text-align: center;\">Gemeindeb\u00fcro<\/h5>\n<\/div><div class=\"accordian fusion-accordian\" style=\"--awb-border-size:0px;--awb-icon-size:16px;--awb-content-font-size:14px;--awb-icon-alignment:left;--awb-hover-color:#f9f9fb;--awb-border-color:#e2e2e2;--awb-background-color:#ffffff;--awb-divider-color:#e0dede;--awb-divider-hover-color:#e0dede;--awb-icon-color:#ffffff;--awb-title-color:#153b7c;--awb-content-color:#333333;--awb-icon-box-color:#8a2428;--awb-toggle-hover-accent-color:#560001;--awb-title-font-family:Arial, Helvetica, sans-serif;--awb-title-font-weight:400;--awb-title-font-style:normal;--awb-title-line-height:14pt;--awb-content-font-family:Arial, Helvetica, sans-serif;--awb-content-font-style:normal;--awb-content-font-weight:400;\"><div class=\"panel-group fusion-toggle-icon-boxed\" id=\"accordion-2684-1\"><div class=\"fusion-panel panel-default panel-337dc699d51135ba2 fusion-toggle-no-divider fusion-toggle-boxed-mode\" style=\"--awb-title-color:#153b7c;--awb-content-color:#333333;\"><div class=\"panel-heading\"><h4 class=\"panel-title toggle\" id=\"toggle_337dc699d51135ba2\"><a aria-expanded=\"false\" aria-controls=\"337dc699d51135ba2\" role=\"button\" data-toggle=\"collapse\" data-parent=\"#accordion-2684-1\" data-target=\"#337dc699d51135ba2\" href=\"#337dc699d51135ba2\"><span class=\"fusion-toggle-icon-wrapper\" aria-hidden=\"true\"><i class=\"fa-fusion-box active-icon awb-icon-minus\" aria-hidden=\"true\"><\/i><i class=\"fa-fusion-box inactive-icon awb-icon-plus\" aria-hidden=\"true\"><\/i><\/span><span class=\"fusion-toggle-heading\">Informationen<\/span><\/a><\/h4><\/div><div id=\"337dc699d51135ba2\" class=\"panel-collapse collapse \" aria-labelledby=\"toggle_337dc699d51135ba2\"><div class=\"panel-body toggle-content fusion-clearfix\">\n<div class=\"ce-bodytext\">\n<p>Das Gemeindeb\u00fcro ist die zentrale Anlaufstelle f\u00fcr die Kirchengemeinde bzw. den Pfarrbezirk. Es regelt die gesamte Verwaltung der Gemeindeangelegenheiten <strong>.<\/strong><\/p>\n<p>Das Gemeindeb\u00fcro hilft Ihnen auch weiter bei Fragen zu:<\/p>\n<ul>\n<li>Seelsorge<\/li>\n<li>Taufe<\/li>\n<li>Trauung<\/li>\n<li>Konfirmation<\/li>\n<li>Bestattung<\/li>\n<\/ul>\n<p>Ab dem 01. Januar 2021 ist nicht mehr die Kirchengemeinde, sondern die zentrale Verwaltungsstelle des Kreiskirchenamtes in Dortmund f\u00fcr die evangelischen Friedh\u00f6fe Asseln zust\u00e4ndig.<\/p>\n<p>Bitte wenden Sie sich an folgende Adresse::<\/p>\n<p><strong>Frau Jorina Meyer<\/strong>, J\u00e4gerstr. 5, 44145 Dortmund<\/p>\n<p>Telefon: 0231\/22962445; Fax: 0231\/8494-422; Mail: jorina.meyer@ekkdo.de<\/p>\n<\/div>\n<div class=\"ce-bodytext\">\n<p>Die Servicezeiten sind Montag bis Donnerstag in der Zeit von 9 &#8211; 15 Uhr und Freitags von 9 &#8211; 12 Uhr.<\/p>\n<\/div>\n<\/div><\/div><\/div><div class=\"fusion-panel panel-default panel-df8138208480b54ac fusion-toggle-no-divider fusion-toggle-boxed-mode\" style=\"--awb-title-color:#153b7c;--awb-content-color:#333333;\"><div class=\"panel-heading\"><h4 class=\"panel-title toggle\" id=\"toggle_df8138208480b54ac\"><a aria-expanded=\"false\" aria-controls=\"df8138208480b54ac\" role=\"button\" data-toggle=\"collapse\" data-parent=\"#accordion-2684-1\" data-target=\"#df8138208480b54ac\" href=\"#df8138208480b54ac\"><span class=\"fusion-toggle-icon-wrapper\" aria-hidden=\"true\"><i class=\"fa-fusion-box active-icon awb-icon-minus\" aria-hidden=\"true\"><\/i><i class=\"fa-fusion-box inactive-icon awb-icon-plus\" aria-hidden=\"true\"><\/i><\/span><span class=\"fusion-toggle-heading\">\u00d6ffnungszeiten<\/span><\/a><\/h4><\/div><div id=\"df8138208480b54ac\" class=\"panel-collapse collapse \" aria-labelledby=\"toggle_df8138208480b54ac\"><div class=\"panel-body toggle-content fusion-clearfix\">\n<p>Montag: geschlossen<br \/>\nDienstag: 10.00 &#8211; 12.00 Uhr<br \/>\nMittwoch: geschlossen<br \/>\nDonnerstag: 15.00 &#8211; 17.00 Uhr<br \/>\nFreitag: geschlossen<\/p>\n<\/div><\/div><\/div><div class=\"fusion-panel panel-default panel-b01af39c86c0431c5 fusion-toggle-no-divider fusion-toggle-boxed-mode\" style=\"--awb-title-color:#153b7c;--awb-content-color:#333333;\"><div class=\"panel-heading\"><h4 class=\"panel-title toggle\" id=\"toggle_b01af39c86c0431c5\"><a aria-expanded=\"false\" aria-controls=\"b01af39c86c0431c5\" role=\"button\" data-toggle=\"collapse\" data-parent=\"#accordion-2684-1\" data-target=\"#b01af39c86c0431c5\" href=\"#b01af39c86c0431c5\"><span class=\"fusion-toggle-icon-wrapper\" aria-hidden=\"true\"><i class=\"fa-fusion-box active-icon awb-icon-minus\" aria-hidden=\"true\"><\/i><i class=\"fa-fusion-box inactive-icon awb-icon-plus\" aria-hidden=\"true\"><\/i><\/span><span class=\"fusion-toggle-heading\">Kontakt<\/span><\/a><\/h4><\/div><div id=\"b01af39c86c0431c5\" class=\"panel-collapse collapse \" aria-labelledby=\"toggle_b01af39c86c0431c5\"><div class=\"panel-body toggle-content fusion-clearfix\">\n<p>Donnerstra\u00dfe 12<br \/>\n44319 Dortmund<br \/>\nTelefon: 0231 &#8211; 270530<br \/>\nFax: 0231 &#8211; 276014<br \/>\nE-Mail: gemeindebuero@asseln-evangelisch.de<\/p>\n<\/div><\/div><\/div><\/div><\/div><\/div><\/div><div class=\"fusion-layout-column fusion_builder_column_inner fusion-builder-nested-column-1 fusion_builder_column_inner_1_4 1_4 fusion-flex-column\" style=\"--awb-bg-size:cover;--awb-box-shadow:0px 0px 10px 1px #9e9e9e;;--awb-width-large:25%;--awb-margin-top-large:0px;--awb-spacing-right-large:7.68%;--awb-margin-bottom-large:20px;--awb-spacing-left-large:7.68%;--awb-width-medium:25%;--awb-order-medium:0;--awb-spacing-right-medium:7.68%;--awb-spacing-left-medium:7.68%;--awb-width-small:100%;--awb-order-small:0;--awb-spacing-right-small:1.92%;--awb-spacing-left-small:1.92%;\"><div class=\"fusion-column-wrapper fusion-column-has-shadow fusion-flex-justify-content-flex-start fusion-content-layout-column\"><div class=\"fusion-image-element \" style=\"text-align:center;--awb-caption-title-font-family:var(--h2_typography-font-family);--awb-caption-title-font-weight:var(--h2_typography-font-weight);--awb-caption-title-font-style:var(--h2_typography-font-style);--awb-caption-title-size:var(--h2_typography-font-size);--awb-caption-title-transform:var(--h2_typography-text-transform);--awb-caption-title-line-height:var(--h2_typography-line-height);--awb-caption-title-letter-spacing:var(--h2_typography-letter-spacing);\"><span class=\" fusion-imageframe imageframe-none imageframe-2 hover-type-none\"><img decoding=\"async\" width=\"300\" height=\"225\" title=\"csm_Friedhof_721017d44d\" src=\"https:\/\/asseln-evangelisch.de\/wp-content\/uploads\/2021\/03\/csm_Friedhof_721017d44d-300x225.jpg\" alt class=\"img-responsive wp-image-2692\" srcset=\"https:\/\/asseln-evangelisch.de\/wp-content\/uploads\/2021\/03\/csm_Friedhof_721017d44d-200x150.jpg 200w, https:\/\/asseln-evangelisch.de\/wp-content\/uploads\/2021\/03\/csm_Friedhof_721017d44d.jpg 400w\" sizes=\"(max-width: 640px) 100vw, 300px\" \/><\/span><\/div><div class=\"fusion-text fusion-text-3\"><h5 style=\"text-align: center;\">Friedhof<\/h5>\n<\/div><div class=\"accordian fusion-accordian\" style=\"--awb-border-size:0px;--awb-icon-size:16px;--awb-content-font-size:14px;--awb-icon-alignment:left;--awb-hover-color:#f9f9fb;--awb-border-color:#e2e2e2;--awb-background-color:#ffffff;--awb-divider-color:#e0dede;--awb-divider-hover-color:#e0dede;--awb-icon-color:#ffffff;--awb-title-color:#153b7c;--awb-content-color:#333333;--awb-icon-box-color:#8a2428;--awb-toggle-hover-accent-color:#560001;--awb-title-font-family:Arial, Helvetica, sans-serif;--awb-title-font-weight:400;--awb-title-font-style:normal;--awb-title-line-height:14pt;--awb-content-font-family:Arial, Helvetica, sans-serif;--awb-content-font-style:normal;--awb-content-font-weight:400;\"><div class=\"panel-group fusion-toggle-icon-boxed\" id=\"accordion-2684-2\"><div class=\"fusion-panel panel-default panel-ffe9330554b231f60 fusion-toggle-no-divider fusion-toggle-boxed-mode\" style=\"--awb-title-color:#153b7c;--awb-content-color:#333333;\"><div class=\"panel-heading\"><h4 class=\"panel-title toggle\" id=\"toggle_ffe9330554b231f60\"><a aria-expanded=\"false\" aria-controls=\"ffe9330554b231f60\" role=\"button\" data-toggle=\"collapse\" data-parent=\"#accordion-2684-2\" data-target=\"#ffe9330554b231f60\" href=\"#ffe9330554b231f60\"><span class=\"fusion-toggle-icon-wrapper\" aria-hidden=\"true\"><i class=\"fa-fusion-box active-icon awb-icon-minus\" aria-hidden=\"true\"><\/i><i class=\"fa-fusion-box inactive-icon awb-icon-plus\" aria-hidden=\"true\"><\/i><\/span><span class=\"fusion-toggle-heading\">Informationen<\/span><\/a><\/h4><\/div><div id=\"ffe9330554b231f60\" class=\"panel-collapse collapse \" aria-labelledby=\"toggle_ffe9330554b231f60\"><div class=\"panel-body toggle-content fusion-clearfix\">\n<div class=\"ce-bodytext\">\n<p>Als Ruhest\u00e4tte f\u00fcr ihre Gemeindeglieder (und f\u00fcr alle, die eine Bestattung hier w\u00fcnschen) unterh\u00e4lt unsere Gemeinde den Ev. Friedhof an der Donnerstra\u00dfe, der sich in drei Teilfl\u00e4chen gliedert (1., 2. und 3. Friedhof &#8211; vom Hellweg aus gesehen).<\/p>\n<p>Ab dem 01. Januar 2021 ist die zentrale Verwaltungsstelle des Kreiskirchenamtes in Dortmund f\u00fcr die evangelischen Friedh\u00f6fe Asseln zust\u00e4ndig.<\/p>\n<p>Bitte wenden Sie sich an folgende Adresse:<br \/>\nFrau Franziska Fischer<br \/>\n<a href=\"mailto:franziska.fischer@ekkdo.de\" target=\"_blank\" rel=\"noopener noreferrer\">franziska.fischer@ekkdo.de<\/a><br \/>\n0231\/22962 &#8211; 521<\/p>\n<p>Die Servicezeiten sind Montag bis Donnerstag in der Zeit von 9 &#8211; 15 Uhr und Freitags von 9 &#8211; 12 Uhr.<\/p>\n<\/div>\n<\/div><\/div><\/div><div class=\"fusion-panel panel-default panel-bc683181e35650753 fusion-toggle-no-divider fusion-toggle-boxed-mode\" style=\"--awb-title-color:#153b7c;--awb-content-color:#333333;\"><div class=\"panel-heading\"><h4 class=\"panel-title toggle\" id=\"toggle_bc683181e35650753\"><a aria-expanded=\"false\" aria-controls=\"bc683181e35650753\" role=\"button\" data-toggle=\"collapse\" data-parent=\"#accordion-2684-2\" data-target=\"#bc683181e35650753\" href=\"#bc683181e35650753\"><span class=\"fusion-toggle-icon-wrapper\" aria-hidden=\"true\"><i class=\"fa-fusion-box active-icon awb-icon-minus\" aria-hidden=\"true\"><\/i><i class=\"fa-fusion-box inactive-icon awb-icon-plus\" aria-hidden=\"true\"><\/i><\/span><span class=\"fusion-toggle-heading\">Friedhofsg\u00e4rtner<\/span><\/a><\/h4><\/div><div id=\"bc683181e35650753\" class=\"panel-collapse collapse \" aria-labelledby=\"toggle_bc683181e35650753\"><div class=\"panel-body toggle-content fusion-clearfix\">\n<p>Unser Friedhofsg\u00e4rtner, der als selbst\u00e4ndiger Unternehmer im Rahmen eines Werkvertrags f\u00fcr die Gemeinde t\u00e4tig wird, ist die<\/p>\n<p>Firma J\u00f6rg Gerlings<br \/>\nGabelstra\u00dfe 6<br \/>\n44287 Dortmund (Aplerbeck)<br \/>\nTel.: 0231-457143<br \/>\nMobil: 0172-2314531<\/p>\n<\/div><\/div><\/div><div class=\"fusion-panel panel-default panel-c581491683f0d071e fusion-toggle-no-divider fusion-toggle-boxed-mode\" style=\"--awb-title-color:#153b7c;--awb-content-color:#333333;\"><div class=\"panel-heading\"><h4 class=\"panel-title toggle\" id=\"toggle_c581491683f0d071e\"><a aria-expanded=\"false\" aria-controls=\"c581491683f0d071e\" role=\"button\" data-toggle=\"collapse\" data-parent=\"#accordion-2684-2\" data-target=\"#c581491683f0d071e\" href=\"#c581491683f0d071e\"><span class=\"fusion-toggle-icon-wrapper\" aria-hidden=\"true\"><i class=\"fa-fusion-box active-icon awb-icon-minus\" aria-hidden=\"true\"><\/i><i class=\"fa-fusion-box inactive-icon awb-icon-plus\" aria-hidden=\"true\"><\/i><\/span><span class=\"fusion-toggle-heading\">Friedhofssatzung - Grabmalantrag<\/span><\/a><\/h4><\/div><div id=\"c581491683f0d071e\" class=\"panel-collapse collapse \" aria-labelledby=\"toggle_c581491683f0d071e\"><div class=\"panel-body toggle-content fusion-clearfix\">\n<p>Die Gemeinde hat neue Friedhofssatzungen.<\/p>\n<p>Au\u00dferdem werden zwei neue Grabformen angeboten mit Gr\u00e4bern ohne eigene Pflegeverpflichtung: Auf dem 1. Friedhof ist f\u00fcr die Urnenbestattung ein rundes Feld vorgesehen. Dort k\u00f6nnen die Namen der Verstorbenen auf einer Stele angebracht werden.<\/p>\n<p>Auf dem 3. Friedhof wird es Partnergr\u00e4ber geben, sowohl f\u00fcr Urnen, als auch f\u00fcr Erdgr\u00e4ber, zu denen dann Urnen dazu bestattet werden k\u00f6nnen. Dort k\u00f6nnen Sie einen eigenen Stein errichten lassen. Vor dem Stein ist etwas Platz, um Blumen oder Lichter abzulegen.<\/p>\n<p><a href=\"https:\/\/asseln-evangelisch.de\/index.php\/2026\/03\/17\/oeffentliche-bekanntmachung-der-friedhofssatzung\/grabmalantrag-2025\/\" rel=\"attachment wp-att-5887\">Grabmalantrag 2025<\/a><\/p>\n<p>Satzungen:<\/p>\n<ul>\n<li><a href=\"https:\/\/asseln-evangelisch.de\/index.php\/2026\/03\/17\/oeffentliche-bekanntmachung-der-friedhofssatzung\/2026-03-10_asseln_-fs-zur-veroeffentlichung\/\" rel=\"attachment wp-att-5888\">2026-03-10_Asseln_ Friedhofssatzung<\/a><\/li>\n<li><a href=\"https:\/\/asseln-evangelisch.de\/index.php\/2026\/03\/17\/oeffentliche-bekanntmachung-der-friedhofssatzung\/2026-03-10_asseln_fgs-zur-veroeffentlichung\/\" rel=\"attachment wp-att-5889\">2026-03-10_Asseln_Friedhofsgeb\u00fchrensatzung<\/a><\/li>\n<li><\/li>\n<\/ul>\n<\/div><\/div><\/div><div class=\"fusion-panel panel-default panel-cce8ed292316b5a91 fusion-toggle-no-divider fusion-toggle-boxed-mode\" style=\"--awb-title-color:#153b7c;--awb-content-color:#333333;\"><div class=\"panel-heading\"><h4 class=\"panel-title toggle\" id=\"toggle_cce8ed292316b5a91\"><a aria-expanded=\"false\" aria-controls=\"cce8ed292316b5a91\" role=\"button\" data-toggle=\"collapse\" data-parent=\"#accordion-2684-2\" data-target=\"#cce8ed292316b5a91\" href=\"#cce8ed292316b5a91\"><span class=\"fusion-toggle-icon-wrapper\" aria-hidden=\"true\"><i class=\"fa-fusion-box active-icon awb-icon-minus\" aria-hidden=\"true\"><\/i><i class=\"fa-fusion-box inactive-icon awb-icon-plus\" aria-hidden=\"true\"><\/i><\/span><span class=\"fusion-toggle-heading\">Weitere Formulare Friedhof<\/span><\/a><\/h4><\/div><div id=\"cce8ed292316b5a91\" class=\"panel-collapse collapse \" aria-labelledby=\"toggle_cce8ed292316b5a91\"><div class=\"panel-body toggle-content fusion-clearfix\">\n<ul>\n<li><a href=\"https:\/\/asseln-evangelisch.de\/wp-content\/uploads\/2021\/09\/Bestattungsformen.pdf\">Bestattungsformen<\/a><\/li>\n<li><a href=\"https:\/\/asseln-evangelisch.de\/index.php\/2026\/03\/17\/oeffentliche-bekanntmachung-der-friedhofssatzung\/bestattungsantrag-2025-asseln\/\" rel=\"attachment wp-att-5886\">Bestattungsantrag 2025<\/a><\/li>\n<li><a href=\"https:\/\/asseln-evangelisch.de\/index.php\/2026\/03\/17\/oeffentliche-bekanntmachung-der-friedhofssatzung\/grabmalantrag-2025\/\" rel=\"attachment wp-att-5887\">Grabmalantrag 2025<\/a><\/li>\n<\/ul>\n<\/div><\/div><\/div><\/div><\/div><\/div><\/div><div class=\"fusion-layout-column fusion_builder_column_inner fusion-builder-nested-column-2 fusion_builder_column_inner_1_4 1_4 fusion-flex-column\" style=\"--awb-bg-size:cover;--awb-box-shadow:0px 0px 10px 1px #9e9e9e;;--awb-width-large:25%;--awb-margin-top-large:0px;--awb-spacing-right-large:7.68%;--awb-margin-bottom-large:20px;--awb-spacing-left-large:7.68%;--awb-width-medium:25%;--awb-order-medium:0;--awb-spacing-right-medium:7.68%;--awb-spacing-left-medium:7.68%;--awb-width-small:100%;--awb-order-small:0;--awb-spacing-right-small:1.92%;--awb-spacing-left-small:1.92%;\"><div class=\"fusion-column-wrapper fusion-column-has-shadow fusion-flex-justify-content-flex-start fusion-content-layout-column\"><div class=\"fusion-image-element \" style=\"text-align:center;--awb-caption-title-font-family:var(--h2_typography-font-family);--awb-caption-title-font-weight:var(--h2_typography-font-weight);--awb-caption-title-font-style:var(--h2_typography-font-style);--awb-caption-title-size:var(--h2_typography-font-size);--awb-caption-title-transform:var(--h2_typography-text-transform);--awb-caption-title-line-height:var(--h2_typography-line-height);--awb-caption-title-letter-spacing:var(--h2_typography-letter-spacing);\"><span class=\" fusion-imageframe imageframe-none imageframe-3 hover-type-none\"><img decoding=\"async\" width=\"300\" height=\"225\" title=\"B\u00fcchereiteam Februar 2019 IMG_3901\" src=\"https:\/\/asseln-evangelisch.de\/wp-content\/uploads\/2021\/05\/Buechereiteam-Februar-2019-IMG_3901-300x225.jpg\" alt class=\"img-responsive wp-image-3089\" srcset=\"https:\/\/asseln-evangelisch.de\/wp-content\/uploads\/2021\/05\/Buechereiteam-Februar-2019-IMG_3901-200x150.jpg 200w, https:\/\/asseln-evangelisch.de\/wp-content\/uploads\/2021\/05\/Buechereiteam-Februar-2019-IMG_3901-400x300.jpg 400w, https:\/\/asseln-evangelisch.de\/wp-content\/uploads\/2021\/05\/Buechereiteam-Februar-2019-IMG_3901-600x450.jpg 600w, https:\/\/asseln-evangelisch.de\/wp-content\/uploads\/2021\/05\/Buechereiteam-Februar-2019-IMG_3901-800x600.jpg 800w, https:\/\/asseln-evangelisch.de\/wp-content\/uploads\/2021\/05\/Buechereiteam-Februar-2019-IMG_3901-1200x900.jpg 1200w\" sizes=\"(max-width: 640px) 100vw, 400px\" \/><\/span><\/div><div class=\"fusion-text fusion-text-4\"><h5 style=\"text-align: center;\">B\u00fccherei<\/h5>\n<\/div><div class=\"accordian fusion-accordian\" style=\"--awb-border-size:0px;--awb-icon-size:16px;--awb-content-font-size:14px;--awb-icon-alignment:left;--awb-hover-color:#f9f9fb;--awb-border-color:#e2e2e2;--awb-background-color:#ffffff;--awb-divider-color:#e0dede;--awb-divider-hover-color:#e0dede;--awb-icon-color:#ffffff;--awb-title-color:#153b7c;--awb-content-color:#333333;--awb-icon-box-color:#8a2428;--awb-toggle-hover-accent-color:#560001;--awb-title-font-family:Arial, Helvetica, sans-serif;--awb-title-font-weight:400;--awb-title-font-style:normal;--awb-content-font-family:Arial, Helvetica, sans-serif;--awb-content-font-style:normal;--awb-content-font-weight:400;\"><div class=\"panel-group fusion-toggle-icon-boxed\" id=\"accordion-2684-3\"><div class=\"fusion-panel panel-default panel-e7655abc8b23007d8 fusion-toggle-no-divider fusion-toggle-boxed-mode\" style=\"--awb-title-color:#153b7c;--awb-content-color:#333333;\"><div class=\"panel-heading\"><h4 class=\"panel-title toggle\" id=\"toggle_e7655abc8b23007d8\"><a aria-expanded=\"false\" aria-controls=\"e7655abc8b23007d8\" role=\"button\" data-toggle=\"collapse\" data-parent=\"#accordion-2684-3\" data-target=\"#e7655abc8b23007d8\" href=\"#e7655abc8b23007d8\"><span class=\"fusion-toggle-icon-wrapper\" aria-hidden=\"true\"><i class=\"fa-fusion-box active-icon awb-icon-minus\" aria-hidden=\"true\"><\/i><i class=\"fa-fusion-box inactive-icon awb-icon-plus\" aria-hidden=\"true\"><\/i><\/span><span class=\"fusion-toggle-heading\">Informationen<\/span><\/a><\/h4><\/div><div id=\"e7655abc8b23007d8\" class=\"panel-collapse collapse \" aria-labelledby=\"toggle_e7655abc8b23007d8\"><div class=\"panel-body toggle-content fusion-clearfix\">\n<div class=\"ce-textpic ce-left ce-below\">\n<div class=\"ce-bodytext\">\n<p><img decoding=\"async\" class=\"alignnone wp-image-3088 size-medium\" src=\"https:\/\/asseln-evangelisch.de\/wp-content\/uploads\/2021\/05\/Buecherei-Asseln-300x69.jpg\" alt=\"\" width=\"300\" height=\"69\" srcset=\"https:\/\/asseln-evangelisch.de\/wp-content\/uploads\/2021\/05\/Buecherei-Asseln-200x46.jpg 200w, https:\/\/asseln-evangelisch.de\/wp-content\/uploads\/2021\/05\/Buecherei-Asseln-300x69.jpg 300w, https:\/\/asseln-evangelisch.de\/wp-content\/uploads\/2021\/05\/Buecherei-Asseln-400x92.jpg 400w, https:\/\/asseln-evangelisch.de\/wp-content\/uploads\/2021\/05\/Buecherei-Asseln-600x137.jpg 600w, https:\/\/asseln-evangelisch.de\/wp-content\/uploads\/2021\/05\/Buecherei-Asseln-768x176.jpg 768w, https:\/\/asseln-evangelisch.de\/wp-content\/uploads\/2021\/05\/Buecherei-Asseln.jpg 799w\" sizes=\"(max-width: 300px) 100vw, 300px\" \/><\/p>\n<p>Offen f\u00fcr alle<\/p>\n<p>Alle, die gern lesen, Geschichten h\u00f6ren, in Zeitschriften bl\u00e4ttern, Gesellschaftsspiele m\u00f6gen oder die Freude am Lesen erst entdecken wollen, sind bei uns <em><strong>herzlich Willkommen<\/strong><\/em>.<\/p>\n<\/div>\n<\/div>\n<\/div><\/div><\/div><div class=\"fusion-panel panel-default panel-82126074bb06f10df fusion-toggle-no-divider fusion-toggle-boxed-mode\" style=\"--awb-title-color:#153b7c;--awb-content-color:#333333;\"><div class=\"panel-heading\"><h4 class=\"panel-title toggle\" id=\"toggle_82126074bb06f10df\"><a aria-expanded=\"false\" aria-controls=\"82126074bb06f10df\" role=\"button\" data-toggle=\"collapse\" data-parent=\"#accordion-2684-3\" data-target=\"#82126074bb06f10df\" href=\"#82126074bb06f10df\"><span class=\"fusion-toggle-icon-wrapper\" aria-hidden=\"true\"><i class=\"fa-fusion-box active-icon awb-icon-minus\" aria-hidden=\"true\"><\/i><i class=\"fa-fusion-box inactive-icon awb-icon-plus\" aria-hidden=\"true\"><\/i><\/span><span class=\"fusion-toggle-heading\">Unser Medienangebot<\/span><\/a><\/h4><\/div><div id=\"82126074bb06f10df\" class=\"panel-collapse collapse \" aria-labelledby=\"toggle_82126074bb06f10df\"><div class=\"panel-body toggle-content fusion-clearfix\">\n<p>Die Nutzer der B\u00fccherei habe die Wahl unter mehr als 9000 Medien.<\/p>\n<p><strong>F\u00fcr Erwachsene:<\/strong><br \/>\nRomane und Erz\u00e4hlungen, Krimis, Biografien, H\u00f6rb\u00fccher, Sachb\u00fccher und Zeitschriften<\/p>\n<p><strong>F\u00fcr Kinder und Jugendliche:<\/strong><br \/>\nBilderb\u00fccher, Vorlesegeschichten, M\u00e4rchen, Erstlese-B\u00fccher, Kinder- u. Jugendromane, Sachb\u00fccher, Comics, H\u00f6rspiel- u. Musik-CDs, Tonies, Tiptoi und Spiele<\/p>\n<\/div><\/div><\/div><div class=\"fusion-panel panel-default panel-b1dd4d37377dfd8cc fusion-toggle-no-divider fusion-toggle-boxed-mode\" style=\"--awb-title-color:#153b7c;--awb-content-color:#333333;\"><div class=\"panel-heading\"><h4 class=\"panel-title toggle\" id=\"toggle_b1dd4d37377dfd8cc\"><a aria-expanded=\"false\" aria-controls=\"b1dd4d37377dfd8cc\" role=\"button\" data-toggle=\"collapse\" data-parent=\"#accordion-2684-3\" data-target=\"#b1dd4d37377dfd8cc\" href=\"#b1dd4d37377dfd8cc\"><span class=\"fusion-toggle-icon-wrapper\" aria-hidden=\"true\"><i class=\"fa-fusion-box active-icon awb-icon-minus\" aria-hidden=\"true\"><\/i><i class=\"fa-fusion-box inactive-icon awb-icon-plus\" aria-hidden=\"true\"><\/i><\/span><span class=\"fusion-toggle-heading\">Online-Katalog<\/span><\/a><\/h4><\/div><div id=\"b1dd4d37377dfd8cc\" class=\"panel-collapse collapse \" aria-labelledby=\"toggle_b1dd4d37377dfd8cc\"><div class=\"panel-body toggle-content fusion-clearfix\">\n<p>Alle Medien finden Sie in unserem <strong>LINK =&gt;<\/strong>\u00a0 <strong><a href=\"https:\/\/opac.easylib.de\/Library\/Library\/Index\/7\">Online-Katalog<\/a><\/strong><em><br \/>\n<\/em><\/p>\n<p>Suchen k\u00f6nnen Sie nach Titel, Verfasser, Stichwort, Erscheinungsjahr oder Medientyp.<\/p>\n<p>Wenn Sie ein Buch gefunden haben, das Sie interessiert, dann rufen Sie uns einfach an (0231-2174570) oder schicken Sie uns eine E-Mail (buecherei.asseln@gmail.com). Wir reservieren Ihnen Ihren Wunschtitel gern.<\/p>\n<\/div><\/div><\/div><div class=\"fusion-panel panel-default panel-8235e65d08c4940d0 fusion-toggle-no-divider fusion-toggle-boxed-mode\" style=\"--awb-title-color:#153b7c;--awb-content-color:#333333;\"><div class=\"panel-heading\"><h4 class=\"panel-title toggle\" id=\"toggle_8235e65d08c4940d0\"><a aria-expanded=\"false\" aria-controls=\"8235e65d08c4940d0\" role=\"button\" data-toggle=\"collapse\" data-parent=\"#accordion-2684-3\" data-target=\"#8235e65d08c4940d0\" href=\"#8235e65d08c4940d0\"><span class=\"fusion-toggle-icon-wrapper\" aria-hidden=\"true\"><i class=\"fa-fusion-box active-icon awb-icon-minus\" aria-hidden=\"true\"><\/i><i class=\"fa-fusion-box inactive-icon awb-icon-plus\" aria-hidden=\"true\"><\/i><\/span><span class=\"fusion-toggle-heading\">\u00d6ffnungszeiten<\/span><\/a><\/h4><\/div><div id=\"8235e65d08c4940d0\" class=\"panel-collapse collapse \" aria-labelledby=\"toggle_8235e65d08c4940d0\"><div class=\"panel-body toggle-content fusion-clearfix\">\n<p>Mo:\u00a0 10.00 Uhr &#8211; 12.00 Uhr &amp; 16.00 &#8211; 18.00 Uhr<br \/>\nDi:\u00a0\u00a0 16.00 Uhr &#8211; 18.00 Uhr<br \/>\nMi: geschlossen<br \/>\nDo:\u00a0 16.00 Uhr &#8211; 18.00 Uhr<br \/>\nFr:\u00a0 10.00 Uhr &#8211; 12.00 Uhr<\/p>\n<\/div><\/div><\/div><div class=\"fusion-panel panel-default panel-b87ea2f6d5f7c4273 fusion-toggle-no-divider fusion-toggle-boxed-mode\" style=\"--awb-title-color:#153b7c;--awb-content-color:#333333;\"><div class=\"panel-heading\"><h4 class=\"panel-title toggle\" id=\"toggle_b87ea2f6d5f7c4273\"><a aria-expanded=\"false\" aria-controls=\"b87ea2f6d5f7c4273\" role=\"button\" data-toggle=\"collapse\" data-parent=\"#accordion-2684-3\" data-target=\"#b87ea2f6d5f7c4273\" href=\"#b87ea2f6d5f7c4273\"><span class=\"fusion-toggle-icon-wrapper\" aria-hidden=\"true\"><i class=\"fa-fusion-box active-icon awb-icon-minus\" aria-hidden=\"true\"><\/i><i class=\"fa-fusion-box inactive-icon awb-icon-plus\" aria-hidden=\"true\"><\/i><\/span><span class=\"fusion-toggle-heading\">Kontakt<\/span><\/a><\/h4><\/div><div id=\"b87ea2f6d5f7c4273\" class=\"panel-collapse collapse \" aria-labelledby=\"toggle_b87ea2f6d5f7c4273\"><div class=\"panel-body toggle-content fusion-clearfix\">\n<p>Donnerstra\u00dfe 12<br \/>\n44319 Dortmund<br \/>\nTelefon: 0231 &#8211; 2174570<br \/>\nFax: 0231 &#8211; 276014<br \/>\nE-Mail:<a>buecherei.asseln@gmail.com<\/a><\/p>\n<\/div><\/div><\/div><div class=\"fusion-panel panel-default panel-096a089b1c1f95da0 fusion-toggle-no-divider fusion-toggle-boxed-mode\" style=\"--awb-title-color:#153b7c;--awb-content-color:#333333;\"><div class=\"panel-heading\"><h4 class=\"panel-title toggle\" id=\"toggle_096a089b1c1f95da0\"><a aria-expanded=\"false\" aria-controls=\"096a089b1c1f95da0\" role=\"button\" data-toggle=\"collapse\" data-parent=\"#accordion-2684-3\" data-target=\"#096a089b1c1f95da0\" href=\"#096a089b1c1f95da0\"><span class=\"fusion-toggle-icon-wrapper\" aria-hidden=\"true\"><i class=\"fa-fusion-box active-icon awb-icon-minus\" aria-hidden=\"true\"><\/i><i class=\"fa-fusion-box inactive-icon awb-icon-plus\" aria-hidden=\"true\"><\/i><\/span><span class=\"fusion-toggle-heading\">Anmeldung<\/span><\/a><\/h4><\/div><div id=\"096a089b1c1f95da0\" class=\"panel-collapse collapse \" aria-labelledby=\"toggle_096a089b1c1f95da0\"><div class=\"panel-body toggle-content fusion-clearfix\">\n<p>Sie oder Ihr Kind m\u00f6chten das Angebot der B\u00fccherei nutzen?<br \/>\nWir freuen uns \u00fcber Ihren Besuch. Alle wichtigen Informationen finden Sie in der Benutzungsordnung. Den Aufnahmeantrag k\u00f6nnen Sie gern schon ausgef\u00fcllt und unterschrieben mitbringen.<\/p>\n<ul>\n<li><a href=\"https:\/\/asseln-evangelisch.de\/wp-content\/uploads\/2021\/05\/Aufnahmeantrag-ab-2019.pdf\">Aufnahmeantrag (pdf)<\/a><\/li>\n<li><a href=\"https:\/\/asseln-evangelisch.de\/wp-content\/uploads\/2021\/05\/Benutzungsordnung-aktuell-ab-2019.pdf\">Benutzungsordnung (pdf)<\/a><\/li>\n<li><a href=\"https:\/\/asseln-evangelisch.de\/wp-content\/uploads\/2021\/05\/Anlage-Datenschutzerklaerung-ab-2019.pdf\">Datenschutzerkl\u00e4rung (pdf)<\/a><\/li>\n<\/ul>\n<\/div><\/div><\/div><div class=\"fusion-panel panel-default panel-1faa2981a675c20c6 fusion-toggle-no-divider fusion-toggle-boxed-mode\" style=\"--awb-title-color:#153b7c;--awb-content-color:#333333;\"><div class=\"panel-heading\"><h4 class=\"panel-title toggle\" id=\"toggle_1faa2981a675c20c6\"><a aria-expanded=\"false\" aria-controls=\"1faa2981a675c20c6\" role=\"button\" data-toggle=\"collapse\" data-parent=\"#accordion-2684-3\" data-target=\"#1faa2981a675c20c6\" href=\"#1faa2981a675c20c6\"><span class=\"fusion-toggle-icon-wrapper\" aria-hidden=\"true\"><i class=\"fa-fusion-box active-icon awb-icon-minus\" aria-hidden=\"true\"><\/i><i class=\"fa-fusion-box inactive-icon awb-icon-plus\" aria-hidden=\"true\"><\/i><\/span><span class=\"fusion-toggle-heading\">Veranstaltungen<\/span><\/a><\/h4><\/div><div id=\"1faa2981a675c20c6\" class=\"panel-collapse collapse \" aria-labelledby=\"toggle_1faa2981a675c20c6\"><div class=\"panel-body toggle-content fusion-clearfix\">\n<p><strong>Veranstaltungen<\/strong><\/p>\n<p>Literaturvermittlung und Lesef\u00f6rderung sind uns wichtige Anliegen. Daher bieten wir f\u00fcr Kinder und Erwachsene ganz unterschiedliche Veranstaltungen an:<\/p>\n<p>B\u00fccherei-F\u00fchrungen f\u00fcr Schulklassen<br \/>\nLese-Club f\u00fcr Grundsch\u00fcler<br \/>\nVorlesewettbewerb mit der \u00f6rtlichen Grundschule<br \/>\nBastelnachmittage<br \/>\nBilderbuchkino<br \/>\nAutorenlesungen<br \/>\nB\u00fccherflohmarkt bei Gemeindeveranstaltungen<br \/>\nAsselner Buchgespr\u00e4ch<br \/>\nBuchvorstellungen<\/p>\n<\/div><\/div><\/div><div class=\"fusion-panel panel-default panel-ab6e6dfc1b07c3df5 fusion-toggle-no-divider fusion-toggle-boxed-mode\" style=\"--awb-title-color:#153b7c;--awb-content-color:#333333;\"><div class=\"panel-heading\"><h4 class=\"panel-title toggle\" id=\"toggle_ab6e6dfc1b07c3df5\"><a aria-expanded=\"false\" aria-controls=\"ab6e6dfc1b07c3df5\" role=\"button\" data-toggle=\"collapse\" data-parent=\"#accordion-2684-3\" data-target=\"#ab6e6dfc1b07c3df5\" href=\"#ab6e6dfc1b07c3df5\"><span class=\"fusion-toggle-icon-wrapper\" aria-hidden=\"true\"><i class=\"fa-fusion-box active-icon awb-icon-minus\" aria-hidden=\"true\"><\/i><i class=\"fa-fusion-box inactive-icon awb-icon-plus\" aria-hidden=\"true\"><\/i><\/span><span class=\"fusion-toggle-heading\">Geschichte der B\u00fccherei Asseln <\/span><\/a><\/h4><\/div><div id=\"ab6e6dfc1b07c3df5\" class=\"panel-collapse collapse \" aria-labelledby=\"toggle_ab6e6dfc1b07c3df5\"><div class=\"panel-body toggle-content fusion-clearfix\">\n<ul>\n<li><strong>1951<\/strong> \u2013 Gr\u00fcndung der B\u00fccherei durch Frau Dr. K\u00fcpper, Ehefrau des damaligen Pfarrers, zun\u00e4chst untergebracht im alten Pfarrhaus am Asselner Hellweg<\/li>\n<li><strong>1960 <\/strong>\u2013 Bau des B\u00fccherei-Geb\u00e4udes, Donnerstra\u00dfe 12<\/li>\n<li><strong>1999 <\/strong>\u2013 Ruhestand der letzten hauptamtlichen B\u00fcchereimitarbeiterin Ursula Prien und \u00dcbernahme der B\u00fccherei-Leitung durch ein Team von 20 ehrenamtlichen Mitarbeiter\/innen und Erweiterung des Veranstaltungsangebotes.<\/li>\n<li><strong>2001 <\/strong>\u2013 50 Jahre B\u00fccherei in Asseln: Festwochen mit vielen Veranstaltungen, Festgottesdienst in Anwesenheit der B\u00fcchereigr\u00fcnderin<\/li>\n<li><strong>2021 <\/strong>\u2013 70 Jahre B\u00fccherei in Asseln<\/li>\n<li><strong>2024 \u2013 <\/strong>25 Jahre ehrenamtliche B\u00fccherei-Leitung<\/li>\n<\/ul>\n<\/div><\/div><\/div><\/div><\/div><\/div><\/div><\/div><\/div><\/div><\/div><\/div>\n","protected":false},"excerpt":{"rendered":"","protected":false},"author":2,"featured_media":0,"parent":0,"menu_order":0,"comment_status":"closed","ping_status":"closed","template":"","meta":{"footnotes":""},"class_list":["post-2684","page","type-page","status-publish","hentry"],"yoast_head":"<!-- This site is optimized with the Yoast SEO plugin v27.3 - https:\/\/yoast.com\/product\/yoast-seo-wordpress\/ -->\n<title>Gemeindeb\u00fcro, B\u00fccherei - Gemeinde Asseln<\/title>\n<meta name=\"robots\" content=\"index, follow, max-snippet:-1, max-image-preview:large, max-video-preview:-1\" \/>\n<link rel=\"canonical\" href=\"https:\/\/asseln-evangelisch.de\/index.php\/gemeinde-buechherei-weltladen\/\" \/>\n<meta property=\"og:locale\" content=\"de_DE\" \/>\n<meta property=\"og:type\" content=\"article\" \/>\n<meta property=\"og:title\" content=\"Gemeindeb\u00fcro, B\u00fccherei - Gemeinde Asseln\" \/>\n<meta property=\"og:url\" content=\"https:\/\/asseln-evangelisch.de\/index.php\/gemeinde-buechherei-weltladen\/\" \/>\n<meta property=\"og:site_name\" content=\"Gemeinde Asseln\" \/>\n<meta property=\"article:modified_time\" content=\"2026-03-23T19:00:26+00:00\" \/>\n<meta property=\"og:image\" content=\"https:\/\/asseln-evangelisch.de\/wp-content\/uploads\/2021\/05\/Buecherei-Asseln-300x69.jpg\" \/>\n<meta name=\"twitter:card\" content=\"summary_large_image\" \/>\n<meta name=\"twitter:label1\" content=\"Gesch\u00e4tzte Lesezeit\" \/>\n\t<meta name=\"twitter:data1\" content=\"5\u00a0Minuten\" \/>\n<script type=\"application\/ld+json\" class=\"yoast-schema-graph\">{\"@context\":\"https:\\\/\\\/schema.org\",\"@graph\":[{\"@type\":\"WebPage\",\"@id\":\"https:\\\/\\\/asseln-evangelisch.de\\\/index.php\\\/gemeinde-buechherei-weltladen\\\/\",\"url\":\"https:\\\/\\\/asseln-evangelisch.de\\\/index.php\\\/gemeinde-buechherei-weltladen\\\/\",\"name\":\"Gemeindeb\u00fcro, B\u00fccherei - Gemeinde Asseln\",\"isPartOf\":{\"@id\":\"https:\\\/\\\/asseln-evangelisch.de\\\/#website\"},\"primaryImageOfPage\":{\"@id\":\"https:\\\/\\\/asseln-evangelisch.de\\\/index.php\\\/gemeinde-buechherei-weltladen\\\/#primaryimage\"},\"image\":{\"@id\":\"https:\\\/\\\/asseln-evangelisch.de\\\/index.php\\\/gemeinde-buechherei-weltladen\\\/#primaryimage\"},\"thumbnailUrl\":\"https:\\\/\\\/asseln-evangelisch.de\\\/wp-content\\\/uploads\\\/2021\\\/05\\\/Buecherei-Asseln-300x69.jpg\",\"datePublished\":\"2021-03-13T14:03:52+00:00\",\"dateModified\":\"2026-03-23T19:00:26+00:00\",\"breadcrumb\":{\"@id\":\"https:\\\/\\\/asseln-evangelisch.de\\\/index.php\\\/gemeinde-buechherei-weltladen\\\/#breadcrumb\"},\"inLanguage\":\"de\",\"potentialAction\":[{\"@type\":\"ReadAction\",\"target\":[\"https:\\\/\\\/asseln-evangelisch.de\\\/index.php\\\/gemeinde-buechherei-weltladen\\\/\"]}]},{\"@type\":\"ImageObject\",\"inLanguage\":\"de\",\"@id\":\"https:\\\/\\\/asseln-evangelisch.de\\\/index.php\\\/gemeinde-buechherei-weltladen\\\/#primaryimage\",\"url\":\"https:\\\/\\\/asseln-evangelisch.de\\\/wp-content\\\/uploads\\\/2021\\\/05\\\/Buecherei-Asseln.jpg\",\"contentUrl\":\"https:\\\/\\\/asseln-evangelisch.de\\\/wp-content\\\/uploads\\\/2021\\\/05\\\/Buecherei-Asseln.jpg\",\"width\":799,\"height\":183},{\"@type\":\"BreadcrumbList\",\"@id\":\"https:\\\/\\\/asseln-evangelisch.de\\\/index.php\\\/gemeinde-buechherei-weltladen\\\/#breadcrumb\",\"itemListElement\":[{\"@type\":\"ListItem\",\"position\":1,\"name\":\"Startseite\",\"item\":\"https:\\\/\\\/asseln-evangelisch.de\\\/\"},{\"@type\":\"ListItem\",\"position\":2,\"name\":\"Gemeindeb\u00fcro, B\u00fccherei\"}]},{\"@type\":\"WebSite\",\"@id\":\"https:\\\/\\\/asseln-evangelisch.de\\\/#website\",\"url\":\"https:\\\/\\\/asseln-evangelisch.de\\\/\",\"name\":\"Gemeinde Asseln\",\"description\":\"Ev.-Luth. Kirchengemeinde Asseln\",\"potentialAction\":[{\"@type\":\"SearchAction\",\"target\":{\"@type\":\"EntryPoint\",\"urlTemplate\":\"https:\\\/\\\/asseln-evangelisch.de\\\/?s={search_term_string}\"},\"query-input\":{\"@type\":\"PropertyValueSpecification\",\"valueRequired\":true,\"valueName\":\"search_term_string\"}}],\"inLanguage\":\"de\"}]}<\/script>\n<!-- \/ Yoast SEO plugin. -->","yoast_head_json":{"title":"Gemeindeb\u00fcro, B\u00fccherei - Gemeinde Asseln","robots":{"index":"index","follow":"follow","max-snippet":"max-snippet:-1","max-image-preview":"max-image-preview:large","max-video-preview":"max-video-preview:-1"},"canonical":"https:\/\/asseln-evangelisch.de\/index.php\/gemeinde-buechherei-weltladen\/","og_locale":"de_DE","og_type":"article","og_title":"Gemeindeb\u00fcro, B\u00fccherei - Gemeinde Asseln","og_url":"https:\/\/asseln-evangelisch.de\/index.php\/gemeinde-buechherei-weltladen\/","og_site_name":"Gemeinde Asseln","article_modified_time":"2026-03-23T19:00:26+00:00","og_image":[{"url":"https:\/\/asseln-evangelisch.de\/wp-content\/uploads\/2021\/05\/Buecherei-Asseln-300x69.jpg","type":"","width":"","height":""}],"twitter_card":"summary_large_image","twitter_misc":{"Gesch\u00e4tzte Lesezeit":"5\u00a0Minuten"},"schema":{"@context":"https:\/\/schema.org","@graph":[{"@type":"WebPage","@id":"https:\/\/asseln-evangelisch.de\/index.php\/gemeinde-buechherei-weltladen\/","url":"https:\/\/asseln-evangelisch.de\/index.php\/gemeinde-buechherei-weltladen\/","name":"Gemeindeb\u00fcro, B\u00fccherei - Gemeinde Asseln","isPartOf":{"@id":"https:\/\/asseln-evangelisch.de\/#website"},"primaryImageOfPage":{"@id":"https:\/\/asseln-evangelisch.de\/index.php\/gemeinde-buechherei-weltladen\/#primaryimage"},"image":{"@id":"https:\/\/asseln-evangelisch.de\/index.php\/gemeinde-buechherei-weltladen\/#primaryimage"},"thumbnailUrl":"https:\/\/asseln-evangelisch.de\/wp-content\/uploads\/2021\/05\/Buecherei-Asseln-300x69.jpg","datePublished":"2021-03-13T14:03:52+00:00","dateModified":"2026-03-23T19:00:26+00:00","breadcrumb":{"@id":"https:\/\/asseln-evangelisch.de\/index.php\/gemeinde-buechherei-weltladen\/#breadcrumb"},"inLanguage":"de","potentialAction":[{"@type":"ReadAction","target":["https:\/\/asseln-evangelisch.de\/index.php\/gemeinde-buechherei-weltladen\/"]}]},{"@type":"ImageObject","inLanguage":"de","@id":"https:\/\/asseln-evangelisch.de\/index.php\/gemeinde-buechherei-weltladen\/#primaryimage","url":"https:\/\/asseln-evangelisch.de\/wp-content\/uploads\/2021\/05\/Buecherei-Asseln.jpg","contentUrl":"https:\/\/asseln-evangelisch.de\/wp-content\/uploads\/2021\/05\/Buecherei-Asseln.jpg","width":799,"height":183},{"@type":"BreadcrumbList","@id":"https:\/\/asseln-evangelisch.de\/index.php\/gemeinde-buechherei-weltladen\/#breadcrumb","itemListElement":[{"@type":"ListItem","position":1,"name":"Startseite","item":"https:\/\/asseln-evangelisch.de\/"},{"@type":"ListItem","position":2,"name":"Gemeindeb\u00fcro, B\u00fccherei"}]},{"@type":"WebSite","@id":"https:\/\/asseln-evangelisch.de\/#website","url":"https:\/\/asseln-evangelisch.de\/","name":"Gemeinde Asseln","description":"Ev.-Luth. Kirchengemeinde Asseln","potentialAction":[{"@type":"SearchAction","target":{"@type":"EntryPoint","urlTemplate":"https:\/\/asseln-evangelisch.de\/?s={search_term_string}"},"query-input":{"@type":"PropertyValueSpecification","valueRequired":true,"valueName":"search_term_string"}}],"inLanguage":"de"}]}},"_links":{"self":[{"href":"https:\/\/asseln-evangelisch.de\/index.php\/wp-json\/wp\/v2\/pages\/2684","targetHints":{"allow":["GET"]}}],"collection":[{"href":"https:\/\/asseln-evangelisch.de\/index.php\/wp-json\/wp\/v2\/pages"}],"about":[{"href":"https:\/\/asseln-evangelisch.de\/index.php\/wp-json\/wp\/v2\/types\/page"}],"author":[{"embeddable":true,"href":"https:\/\/asseln-evangelisch.de\/index.php\/wp-json\/wp\/v2\/users\/2"}],"replies":[{"embeddable":true,"href":"https:\/\/asseln-evangelisch.de\/index.php\/wp-json\/wp\/v2\/comments?post=2684"}],"version-history":[{"count":12,"href":"https:\/\/asseln-evangelisch.de\/index.php\/wp-json\/wp\/v2\/pages\/2684\/revisions"}],"predecessor-version":[{"id":5917,"href":"https:\/\/asseln-evangelisch.de\/index.php\/wp-json\/wp\/v2\/pages\/2684\/revisions\/5917"}],"wp:attachment":[{"href":"https:\/\/asseln-evangelisch.de\/index.php\/wp-json\/wp\/v2\/media?parent=2684"}],"curies":[{"name":"wp","href":"https:\/\/api.w.org\/{rel}","templated":true}]}}