{"id":2695,"date":"2021-03-13T14:34:33","date_gmt":"2021-03-13T14:34:33","guid":{"rendered":"https:\/\/asseln-evangelisch.de\/?page_id=2695"},"modified":"2025-11-09T19:02:41","modified_gmt":"2025-11-09T18:02:41","slug":"musik-angebote","status":"publish","type":"page","link":"https:\/\/asseln-evangelisch.de\/index.php\/musik-angebote\/","title":{"rendered":"Kirchenmusik"},"content":{"rendered":"<div class=\"fusion-fullwidth fullwidth-box fusion-builder-row-1 fusion-flex-container nonhundred-percent-fullwidth non-hundred-percent-height-scrolling\" style=\"--awb-border-radius-top-left:0px;--awb-border-radius-top-right:0px;--awb-border-radius-bottom-right:0px;--awb-border-radius-bottom-left:0px;--awb-flex-wrap:wrap;\" ><div class=\"fusion-builder-row fusion-row fusion-flex-align-items-flex-start fusion-flex-content-wrap\" style=\"max-width:1248px;margin-left: calc(-4% \/ 2 );margin-right: calc(-4% \/ 2 );\"><div class=\"fusion-layout-column fusion_builder_column fusion-builder-column-0 fusion_builder_column_1_1 1_1 fusion-flex-column\" style=\"--awb-bg-size:cover;--awb-width-large:100%;--awb-margin-top-large:0px;--awb-spacing-right-large:1.92%;--awb-margin-bottom-large:20px;--awb-spacing-left-large:1.92%;--awb-width-medium:100%;--awb-order-medium:0;--awb-spacing-right-medium:1.92%;--awb-spacing-left-medium:1.92%;--awb-width-small:100%;--awb-order-small:0;--awb-spacing-right-small:1.92%;--awb-spacing-left-small:1.92%;\"><div class=\"fusion-column-wrapper fusion-column-has-shadow fusion-flex-justify-content-flex-start fusion-content-layout-column\"><div class=\"fusion-text fusion-text-1\"><h1>Unser Angebot: Kirchenmusik<\/h1>\n<h2>Miteinander lachen, sich helfen und unterst\u00fctzen<\/h2>\n<p>Unsere Gemeinde bietet auch musikalische Angebote.<\/p>\n<\/div><div class=\"fusion-separator fusion-full-width-sep\" style=\"align-self: center;margin-left: auto;margin-right: auto;margin-top:30px;width:100%;\"><\/div><div class=\"fusion-builder-row fusion-builder-row-inner fusion-row fusion-flex-align-items-flex-start fusion-flex-content-wrap\" style=\"--awb-flex-grow:0;--awb-flex-grow-medium:0;--awb-flex-grow-small:0;--awb-flex-shrink:0;--awb-flex-shrink-medium:0;--awb-flex-shrink-small:0;width:104% !important;max-width:104% !important;margin-left: calc(-4% \/ 2 );margin-right: calc(-4% \/ 2 );\"><div class=\"fusion-layout-column fusion_builder_column_inner fusion-builder-nested-column-0 fusion_builder_column_inner_1_1 1_1 fusion-flex-column\" style=\"--awb-bg-size:cover;--awb-box-shadow:0px 0px 10px 1px #9e9e9e;;--awb-width-large:100%;--awb-margin-top-large:0px;--awb-spacing-right-large:1.92%;--awb-margin-bottom-large:20px;--awb-spacing-left-large:1.92%;--awb-width-medium:100%;--awb-order-medium:0;--awb-spacing-right-medium:1.92%;--awb-spacing-left-medium:1.92%;--awb-width-small:100%;--awb-order-small:0;--awb-spacing-right-small:1.92%;--awb-spacing-left-small:1.92%;\"><div class=\"fusion-column-wrapper fusion-column-has-shadow fusion-flex-justify-content-flex-start fusion-content-layout-column\"><div class=\"fusion-image-element \" style=\"text-align:center;--awb-caption-title-font-family:var(--h2_typography-font-family);--awb-caption-title-font-weight:var(--h2_typography-font-weight);--awb-caption-title-font-style:var(--h2_typography-font-style);--awb-caption-title-size:var(--h2_typography-font-size);--awb-caption-title-transform:var(--h2_typography-text-transform);--awb-caption-title-line-height:var(--h2_typography-line-height);--awb-caption-title-letter-spacing:var(--h2_typography-letter-spacing);\"><span class=\" fusion-imageframe imageframe-none imageframe-1 hover-type-none\"><img decoding=\"async\" width=\"400\" height=\"250\" title=\"Adventskonzert_Posaunenchor_HA_klein-400&#215;250\" src=\"https:\/\/asseln-evangelisch.de\/wp-content\/uploads\/2021\/03\/Adventskonzert_Posaunenchor_HA_klein-400x250-1.png\" alt class=\"img-responsive wp-image-2816\" srcset=\"https:\/\/asseln-evangelisch.de\/wp-content\/uploads\/2021\/03\/Adventskonzert_Posaunenchor_HA_klein-400x250-1-200x125.png 200w, https:\/\/asseln-evangelisch.de\/wp-content\/uploads\/2021\/03\/Adventskonzert_Posaunenchor_HA_klein-400x250-1.png 400w\" sizes=\"(max-width: 640px) 100vw, 400px\" \/><\/span><\/div><div class=\"fusion-text fusion-text-2\"><h5 style=\"text-align: center;\">Posaunenchor<\/h5>\n<\/div><div class=\"accordian fusion-accordian\" style=\"--awb-border-size:0px;--awb-icon-size:16px;--awb-content-font-size:14px;--awb-icon-alignment:left;--awb-hover-color:#f9f9fb;--awb-border-color:#e2e2e2;--awb-background-color:#ffffff;--awb-divider-color:#e0dede;--awb-divider-hover-color:#e0dede;--awb-icon-color:#ffffff;--awb-title-color:#153b7c;--awb-content-color:#333333;--awb-icon-box-color:#8a2428;--awb-toggle-hover-accent-color:#560001;--awb-title-font-family:Arial, Helvetica, sans-serif;--awb-title-font-weight:400;--awb-title-font-style:normal;--awb-title-line-height:14pt;--awb-content-font-family:Arial, Helvetica, sans-serif;--awb-content-font-style:normal;--awb-content-font-weight:400;\"><div class=\"panel-group fusion-toggle-icon-boxed\" id=\"accordion-2695-1\"><div class=\"fusion-panel panel-default panel-1caacf98e6174930b fusion-toggle-no-divider fusion-toggle-boxed-mode\" style=\"--awb-title-color:#153b7c;--awb-content-color:#333333;\"><div class=\"panel-heading\"><h4 class=\"panel-title toggle\" id=\"toggle_1caacf98e6174930b\"><a aria-expanded=\"false\" aria-controls=\"1caacf98e6174930b\" role=\"button\" data-toggle=\"collapse\" data-parent=\"#accordion-2695-1\" data-target=\"#1caacf98e6174930b\" href=\"#1caacf98e6174930b\"><span class=\"fusion-toggle-icon-wrapper\" aria-hidden=\"true\"><i class=\"fa-fusion-box active-icon awb-icon-minus\" aria-hidden=\"true\"><\/i><i class=\"fa-fusion-box inactive-icon awb-icon-plus\" aria-hidden=\"true\"><\/i><\/span><span class=\"fusion-toggle-heading\">Informationen<\/span><\/a><\/h4><\/div><div id=\"1caacf98e6174930b\" class=\"panel-collapse collapse \" aria-labelledby=\"toggle_1caacf98e6174930b\"><div class=\"panel-body toggle-content fusion-clearfix\">\n<p>Seit 1899 begleitet der Posaunenchor das Asselner\u00a0Gemeindeleben. Unter der Leitung von Arno Hedtfeld, der auch Jungbl\u00e4ser ausbildet, treffen sich die Mitglieder zu regelm\u00e4\u00dfigen Proben. Viele Male im Jahr ist der Posaunenchor zu verschiedenen Anl\u00e4ssen aktiv (Gottesdienste, St\u00e4ndchen, Konzerte, Kurrendeblasen &#8230;). Wenn es besonders festlich wird, darf er auf keinen Fall fehlen!<\/p>\n<p>Willkommen zum Mitmachen ist im Posaunenchor jeder, der ein Blechblasinstrument spielt oder der es dort\u00a0lernen will!<\/p>\n<\/div><\/div><\/div><div class=\"fusion-panel panel-default panel-27c239b2bcf43d659 fusion-toggle-no-divider fusion-toggle-boxed-mode\" style=\"--awb-title-color:#153b7c;--awb-content-color:#333333;\"><div class=\"panel-heading\"><h4 class=\"panel-title toggle\" id=\"toggle_27c239b2bcf43d659\"><a aria-expanded=\"false\" aria-controls=\"27c239b2bcf43d659\" role=\"button\" data-toggle=\"collapse\" data-parent=\"#accordion-2695-1\" data-target=\"#27c239b2bcf43d659\" href=\"#27c239b2bcf43d659\"><span class=\"fusion-toggle-icon-wrapper\" aria-hidden=\"true\"><i class=\"fa-fusion-box active-icon awb-icon-minus\" aria-hidden=\"true\"><\/i><i class=\"fa-fusion-box inactive-icon awb-icon-plus\" aria-hidden=\"true\"><\/i><\/span><span class=\"fusion-toggle-heading\">Treffpunkt &amp; Termine<\/span><\/a><\/h4><\/div><div id=\"27c239b2bcf43d659\" class=\"panel-collapse collapse \" aria-labelledby=\"toggle_27c239b2bcf43d659\"><div class=\"panel-body toggle-content fusion-clearfix\">\n<p>Treffpunkt: Lutherkirche<br \/>\nMontags von 19.30 &#8211; 21.00 Uhr<\/p>\n<\/div><\/div><\/div><div class=\"fusion-panel panel-default panel-f795c7d36cc03837e fusion-toggle-no-divider fusion-toggle-boxed-mode\" style=\"--awb-title-color:#153b7c;--awb-content-color:#333333;\"><div class=\"panel-heading\"><h4 class=\"panel-title toggle\" id=\"toggle_f795c7d36cc03837e\"><a aria-expanded=\"false\" aria-controls=\"f795c7d36cc03837e\" role=\"button\" data-toggle=\"collapse\" data-parent=\"#accordion-2695-1\" data-target=\"#f795c7d36cc03837e\" href=\"#f795c7d36cc03837e\"><span class=\"fusion-toggle-icon-wrapper\" aria-hidden=\"true\"><i class=\"fa-fusion-box active-icon awb-icon-minus\" aria-hidden=\"true\"><\/i><i class=\"fa-fusion-box inactive-icon awb-icon-plus\" aria-hidden=\"true\"><\/i><\/span><span class=\"fusion-toggle-heading\">Kontakt<\/span><\/a><\/h4><\/div><div id=\"f795c7d36cc03837e\" class=\"panel-collapse collapse \" aria-labelledby=\"toggle_f795c7d36cc03837e\"><div class=\"panel-body toggle-content fusion-clearfix\">\n<p><strong>Arno Hedtfeld<\/strong><br \/>\nE-Mail:\u00a0<a>arnohedtfeld(at)googlemail.com<\/a><\/p>\n<\/div><\/div><\/div><\/div><\/div><\/div><\/div><\/div><\/div><\/div><\/div><\/div>\n","protected":false},"excerpt":{"rendered":"","protected":false},"author":2,"featured_media":0,"parent":0,"menu_order":0,"comment_status":"closed","ping_status":"closed","template":"","meta":{"footnotes":""},"class_list":["post-2695","page","type-page","status-publish","hentry"],"yoast_head":"<!-- This site is optimized with the Yoast SEO plugin v27.3 - https:\/\/yoast.com\/product\/yoast-seo-wordpress\/ -->\n<title>Kirchenmusik - Gemeinde Asseln<\/title>\n<meta name=\"robots\" content=\"index, follow, max-snippet:-1, max-image-preview:large, max-video-preview:-1\" \/>\n<link rel=\"canonical\" href=\"https:\/\/asseln-evangelisch.de\/index.php\/musik-angebote\/\" \/>\n<meta property=\"og:locale\" content=\"de_DE\" \/>\n<meta property=\"og:type\" content=\"article\" \/>\n<meta property=\"og:title\" content=\"Kirchenmusik - Gemeinde Asseln\" \/>\n<meta property=\"og:url\" content=\"https:\/\/asseln-evangelisch.de\/index.php\/musik-angebote\/\" \/>\n<meta property=\"og:site_name\" content=\"Gemeinde Asseln\" \/>\n<meta property=\"article:modified_time\" content=\"2025-11-09T18:02:41+00:00\" \/>\n<meta name=\"twitter:card\" content=\"summary_large_image\" \/>\n<meta name=\"twitter:label1\" content=\"Gesch\u00e4tzte Lesezeit\" \/>\n\t<meta name=\"twitter:data1\" content=\"1\u00a0Minute\" \/>\n<script type=\"application\/ld+json\" class=\"yoast-schema-graph\">{\"@context\":\"https:\\\/\\\/schema.org\",\"@graph\":[{\"@type\":\"WebPage\",\"@id\":\"https:\\\/\\\/asseln-evangelisch.de\\\/index.php\\\/musik-angebote\\\/\",\"url\":\"https:\\\/\\\/asseln-evangelisch.de\\\/index.php\\\/musik-angebote\\\/\",\"name\":\"Kirchenmusik - Gemeinde Asseln\",\"isPartOf\":{\"@id\":\"https:\\\/\\\/asseln-evangelisch.de\\\/#website\"},\"datePublished\":\"2021-03-13T14:34:33+00:00\",\"dateModified\":\"2025-11-09T18:02:41+00:00\",\"breadcrumb\":{\"@id\":\"https:\\\/\\\/asseln-evangelisch.de\\\/index.php\\\/musik-angebote\\\/#breadcrumb\"},\"inLanguage\":\"de\",\"potentialAction\":[{\"@type\":\"ReadAction\",\"target\":[\"https:\\\/\\\/asseln-evangelisch.de\\\/index.php\\\/musik-angebote\\\/\"]}]},{\"@type\":\"BreadcrumbList\",\"@id\":\"https:\\\/\\\/asseln-evangelisch.de\\\/index.php\\\/musik-angebote\\\/#breadcrumb\",\"itemListElement\":[{\"@type\":\"ListItem\",\"position\":1,\"name\":\"Startseite\",\"item\":\"https:\\\/\\\/asseln-evangelisch.de\\\/\"},{\"@type\":\"ListItem\",\"position\":2,\"name\":\"Kirchenmusik\"}]},{\"@type\":\"WebSite\",\"@id\":\"https:\\\/\\\/asseln-evangelisch.de\\\/#website\",\"url\":\"https:\\\/\\\/asseln-evangelisch.de\\\/\",\"name\":\"Gemeinde Asseln\",\"description\":\"Ev.-Luth. Kirchengemeinde Asseln\",\"potentialAction\":[{\"@type\":\"SearchAction\",\"target\":{\"@type\":\"EntryPoint\",\"urlTemplate\":\"https:\\\/\\\/asseln-evangelisch.de\\\/?s={search_term_string}\"},\"query-input\":{\"@type\":\"PropertyValueSpecification\",\"valueRequired\":true,\"valueName\":\"search_term_string\"}}],\"inLanguage\":\"de\"}]}<\/script>\n<!-- \/ Yoast SEO plugin. -->","yoast_head_json":{"title":"Kirchenmusik - Gemeinde Asseln","robots":{"index":"index","follow":"follow","max-snippet":"max-snippet:-1","max-image-preview":"max-image-preview:large","max-video-preview":"max-video-preview:-1"},"canonical":"https:\/\/asseln-evangelisch.de\/index.php\/musik-angebote\/","og_locale":"de_DE","og_type":"article","og_title":"Kirchenmusik - Gemeinde Asseln","og_url":"https:\/\/asseln-evangelisch.de\/index.php\/musik-angebote\/","og_site_name":"Gemeinde Asseln","article_modified_time":"2025-11-09T18:02:41+00:00","twitter_card":"summary_large_image","twitter_misc":{"Gesch\u00e4tzte Lesezeit":"1\u00a0Minute"},"schema":{"@context":"https:\/\/schema.org","@graph":[{"@type":"WebPage","@id":"https:\/\/asseln-evangelisch.de\/index.php\/musik-angebote\/","url":"https:\/\/asseln-evangelisch.de\/index.php\/musik-angebote\/","name":"Kirchenmusik - Gemeinde Asseln","isPartOf":{"@id":"https:\/\/asseln-evangelisch.de\/#website"},"datePublished":"2021-03-13T14:34:33+00:00","dateModified":"2025-11-09T18:02:41+00:00","breadcrumb":{"@id":"https:\/\/asseln-evangelisch.de\/index.php\/musik-angebote\/#breadcrumb"},"inLanguage":"de","potentialAction":[{"@type":"ReadAction","target":["https:\/\/asseln-evangelisch.de\/index.php\/musik-angebote\/"]}]},{"@type":"BreadcrumbList","@id":"https:\/\/asseln-evangelisch.de\/index.php\/musik-angebote\/#breadcrumb","itemListElement":[{"@type":"ListItem","position":1,"name":"Startseite","item":"https:\/\/asseln-evangelisch.de\/"},{"@type":"ListItem","position":2,"name":"Kirchenmusik"}]},{"@type":"WebSite","@id":"https:\/\/asseln-evangelisch.de\/#website","url":"https:\/\/asseln-evangelisch.de\/","name":"Gemeinde Asseln","description":"Ev.-Luth. Kirchengemeinde Asseln","potentialAction":[{"@type":"SearchAction","target":{"@type":"EntryPoint","urlTemplate":"https:\/\/asseln-evangelisch.de\/?s={search_term_string}"},"query-input":{"@type":"PropertyValueSpecification","valueRequired":true,"valueName":"search_term_string"}}],"inLanguage":"de"}]}},"_links":{"self":[{"href":"https:\/\/asseln-evangelisch.de\/index.php\/wp-json\/wp\/v2\/pages\/2695","targetHints":{"allow":["GET"]}}],"collection":[{"href":"https:\/\/asseln-evangelisch.de\/index.php\/wp-json\/wp\/v2\/pages"}],"about":[{"href":"https:\/\/asseln-evangelisch.de\/index.php\/wp-json\/wp\/v2\/types\/page"}],"author":[{"embeddable":true,"href":"https:\/\/asseln-evangelisch.de\/index.php\/wp-json\/wp\/v2\/users\/2"}],"replies":[{"embeddable":true,"href":"https:\/\/asseln-evangelisch.de\/index.php\/wp-json\/wp\/v2\/comments?post=2695"}],"version-history":[{"count":10,"href":"https:\/\/asseln-evangelisch.de\/index.php\/wp-json\/wp\/v2\/pages\/2695\/revisions"}],"predecessor-version":[{"id":4114,"href":"https:\/\/asseln-evangelisch.de\/index.php\/wp-json\/wp\/v2\/pages\/2695\/revisions\/4114"}],"wp:attachment":[{"href":"https:\/\/asseln-evangelisch.de\/index.php\/wp-json\/wp\/v2\/media?parent=2695"}],"curies":[{"name":"wp","href":"https:\/\/api.w.org\/{rel}","templated":true}]}}